{"id":15322,"date":"2024-07-30T09:59:58","date_gmt":"2024-07-30T07:59:58","guid":{"rendered":"https:\/\/go.shaitubali.com\/soet-booking\/"},"modified":"2024-10-10T19:05:17","modified_gmt":"2024-10-10T17:05:17","slug":"soet-booking","status":"publish","type":"page","link":"https:\/\/go.shaitubali.com\/en\/soet-booking\/","title":{"rendered":"Emotionale Transformation &#8211; Buchung"},"content":{"rendered":"<p>[et_pb_section fb_built=&#8221;1&#8243; _builder_version=&#8221;4.17.4&#8243; _module_preset=&#8221;default&#8221; background_color=&#8221;#ffffff&#8221; background_enable_image=&#8221;off&#8221; custom_margin=&#8221;0px||||false|false&#8221; custom_padding=&#8221;0px||0px||false|false&#8221; bottom_divider_flip=&#8221;horizontal&#8221; locked=&#8221;off&#8221; global_colors_info=&#8221;{}&#8221;][et_pb_row column_structure=&#8221;1_3,1_3,1_3&#8243; _builder_version=&#8221;4.17.4&#8243; _module_preset=&#8221;default&#8221; custom_margin=&#8221;0px|auto|0px|auto|false|false&#8221; custom_padding=&#8221;0px||0px||false|false&#8221; global_colors_info=&#8221;{}&#8221;][et_pb_column type=&#8221;1_3&#8243; _builder_version=&#8221;4.16&#8243; _module_preset=&#8221;default&#8221; global_colors_info=&#8221;{}&#8221;][\/et_pb_column][et_pb_column type=&#8221;1_3&#8243; _builder_version=&#8221;4.16&#8243; _module_preset=&#8221;default&#8221; global_colors_info=&#8221;{}&#8221;][et_pb_image src=&#8221;https:\/\/go.shaitubali.com\/wp-content\/uploads\/2022\/05\/Schule-Emotionale-Transformation-Logo3.png&#8221; alt=&#8221;Die Schule f\u00fcr Emotionale Transformation&#8221; title_text=&#8221;Schule-Emotionale Transformation Logo3&#8243; align=&#8221;center&#8221; _builder_version=&#8221;4.17.4&#8243; _module_preset=&#8221;default&#8221; width=&#8221;82%&#8221; custom_margin=&#8221;||-7px|||&#8221; custom_padding=&#8221;0px|||||&#8221; global_colors_info=&#8221;{}&#8221;][\/et_pb_image][\/et_pb_column][et_pb_column type=&#8221;1_3&#8243; _builder_version=&#8221;4.16&#8243; _module_preset=&#8221;default&#8221; global_colors_info=&#8221;{}&#8221;][\/et_pb_column][\/et_pb_row][\/et_pb_section][et_pb_section fb_built=&#8221;1&#8243; _builder_version=&#8221;4.19.5&#8243; _module_preset=&#8221;default&#8221; use_background_color_gradient=&#8221;on&#8221; background_color_gradient_direction=&#8221;109deg&#8221; background_color_gradient_stops=&#8221;rgba(220,204,179,0.09) 16%|#c8a980 58%&#8221; background_color_gradient_overlays_image=&#8221;on&#8221; background_image=&#8221;https:\/\/go.shaitubali.com\/wp-content\/uploads\/2023\/02\/emo-school-head-new-test.jpg&#8221; custom_padding=&#8221;26px|||||&#8221; global_colors_info=&#8221;{}&#8221;][et_pb_row column_structure=&#8221;2_5,3_5&#8243; _builder_version=&#8221;4.19.5&#8243; _module_preset=&#8221;default&#8221; custom_margin=&#8221;32px|auto|19px|auto||&#8221; global_colors_info=&#8221;{}&#8221;][et_pb_column type=&#8221;2_5&#8243; _builder_version=&#8221;4.19.5&#8243; _module_preset=&#8221;default&#8221; global_colors_info=&#8221;{}&#8221;][\/et_pb_column][et_pb_column type=&#8221;3_5&#8243; _builder_version=&#8221;4.19.5&#8243; _module_preset=&#8221;default&#8221; global_colors_info=&#8221;{}&#8221;][et_pb_text _builder_version=&#8221;4.19.5&#8243; _module_preset=&#8221;default&#8221; text_font=&#8221;|||on|||||&#8221; text_text_color=&#8221;#FFFFFF&#8221; text_font_size=&#8221;18px&#8221; header_text_color=&#8221;#FFFFFF&#8221; header_font_size=&#8221;60px&#8221; header_line_height=&#8221;1.8em&#8221; custom_margin=&#8221;15px||2px|||&#8221; global_colors_info=&#8221;{}&#8221;]<\/p>\n<p style=\"text-align: center;\">WIR BILDEN DICH AUS ZUM<\/p>\n<h1 style=\"text-align: center;\">Emotionscoach<\/h1>\n<p>[\/et_pb_text][et_pb_divider color=&#8221;#FFFFFF&#8221; divider_weight=&#8221;3px&#8221; _builder_version=&#8221;4.17.6&#8243; _module_preset=&#8221;default&#8221; max_width=&#8221;10%&#8221; module_alignment=&#8221;center&#8221; locked=&#8221;off&#8221; global_colors_info=&#8221;{}&#8221;][\/et_pb_divider][et_pb_text _builder_version=&#8221;4.19.5&#8243; _module_preset=&#8221;default&#8221; text_font=&#8221;TT Norms Medium||||||||&#8221; text_text_color=&#8221;#755633&#8243; text_font_size=&#8221;19px&#8221; text_line_height=&#8221;2.4em&#8221; header_2_font_size=&#8221;33px&#8221; header_3_font=&#8221;Recife Display Book||||||||&#8221; header_3_text_color=&#8221;#FFFFFF&#8221; header_3_font_size=&#8221;23px&#8221; header_3_line_height=&#8221;1.3em&#8221; text_orientation=&#8221;center&#8221; custom_margin=&#8221;||13px|||&#8221; inline_fonts=&#8221;Source Sans Pro&#8221; global_colors_info=&#8221;{}&#8221;]<\/p>\n<h3 style=\"text-align: center;\">Lerne <strong>negative Emotionen<\/strong> mit der <strong>Expansions-Methode<\/strong> <span style=\"text-decoration: underline;\">an der Wurzel<\/span> zu l\u00f6sen und so Menschen in Krisensituationen zu einem <span style=\"text-decoration: underline;\"><strong>Durchbruch<\/strong> <\/span>zu f\u00fchren &amp; baue dir eine <strong><span style=\"text-decoration: underline;\">erf\u00fcllte T\u00e4tigkeit<\/span> als Emotionscoach<\/strong> auf.<\/h3>\n<p>[\/et_pb_text][et_pb_icon font_icon=&#8221;&#x33;||divi||400&#8243; icon_color=&#8221;#FFFFFF&#8221; icon_width=&#8221;2.1vw&#8221; url=&#8221;#intro&#8221; _builder_version=&#8221;4.19.0&#8243; _module_preset=&#8221;default&#8221; custom_margin=&#8221;32px|||||&#8221; border_radii=&#8221;on|50%|50%|50%|50%&#8221; border_width_all=&#8221;1px&#8221; border_color_all=&#8221;#FFFFFF&#8221; locked=&#8221;off&#8221; global_colors_info=&#8221;{}&#8221;][\/et_pb_icon][\/et_pb_column][\/et_pb_row][\/et_pb_section][et_pb_section fb_built=&#8221;1&#8243; _builder_version=&#8221;4.26.0&#8243; _module_preset=&#8221;default&#8221; background_color=&#8221;#ece3d6&#8243; background_enable_image=&#8221;off&#8221; custom_margin=&#8221;||||false|false&#8221; custom_padding=&#8221;4px||80px||false|false&#8221; bottom_divider_color=&#8221;#FFFFFF&#8221; locked=&#8221;off&#8221; global_colors_info=&#8221;{}&#8221;][et_pb_row column_structure=&#8221;1_3,1_3,1_3&#8243; use_custom_gutter=&#8221;on&#8221; gutter_width=&#8221;1&#8243; _builder_version=&#8221;4.19.5&#8243; _module_preset=&#8221;default&#8221; custom_margin=&#8221;|auto|26px|auto||&#8221; border_width_top=&#8221;1px&#8221; border_color_top=&#8221;#FFFFFF&#8221; border_width_bottom=&#8221;1px&#8221; border_color_bottom=&#8221;#FFFFFF&#8221; locked=&#8221;off&#8221; global_colors_info=&#8221;{}&#8221;][et_pb_column type=&#8221;1_3&#8243; _builder_version=&#8221;4.19.0&#8243; _module_preset=&#8221;default&#8221; global_colors_info=&#8221;{}&#8221;][et_pb_text _builder_version=&#8221;4.19.5&#8243; _module_preset=&#8221;default&#8221; text_text_color=&#8221;#FFFFFF&#8221; text_font_size=&#8221;19px&#8221; module_alignment=&#8221;center&#8221; custom_margin=&#8221;35px|||||&#8221; global_colors_info=&#8221;{}&#8221;]<\/p>\n<p>SHAI TUBALI IST BEKANNT AUS:<\/p>\n<p>[\/et_pb_text][\/et_pb_column][et_pb_column type=&#8221;1_3&#8243; _builder_version=&#8221;4.19.0&#8243; _module_preset=&#8221;default&#8221; global_colors_info=&#8221;{}&#8221;][et_pb_image src=&#8221;https:\/\/go.shaitubali.com\/wp-content\/uploads\/2023\/02\/seen-on-1-shai.png&#8221; title_text=&#8221;seen-on-1-shai&#8221; _builder_version=&#8221;4.19.5&#8243; _module_preset=&#8221;default&#8221; global_colors_info=&#8221;{}&#8221;][\/et_pb_image][\/et_pb_column][et_pb_column type=&#8221;1_3&#8243; _builder_version=&#8221;4.19.0&#8243; _module_preset=&#8221;default&#8221; global_colors_info=&#8221;{}&#8221;][et_pb_image src=&#8221;https:\/\/go.shaitubali.com\/wp-content\/uploads\/2023\/02\/seen-on-2-shai.png&#8221; _builder_version=&#8221;4.19.5&#8243; _module_preset=&#8221;default&#8221; global_colors_info=&#8221;{}&#8221;][\/et_pb_image][\/et_pb_column][\/et_pb_row][et_pb_row _builder_version=&#8221;4.23.4&#8243; _module_preset=&#8221;default&#8221; custom_margin=&#8221;45px|auto||auto||&#8221; global_colors_info=&#8221;{}&#8221;][et_pb_column type=&#8221;4_4&#8243; _builder_version=&#8221;4.16&#8243; _module_preset=&#8221;default&#8221; global_colors_info=&#8221;{}&#8221;][et_pb_text _builder_version=&#8221;4.23.4&#8243; _module_preset=&#8221;default&#8221; text_text_color=&#8221;#000000&#8243; header_text_color=&#8221;#000000&#8243; header_2_text_align=&#8221;center&#8221; header_2_text_color=&#8221;#000000&#8243; header_2_font_size=&#8221;44px&#8221; header_4_font=&#8221;|||on|||||&#8221; header_4_text_color=&#8221;#000000&#8243; text_orientation=&#8221;center&#8221; custom_margin=&#8221;18px|||||&#8221; global_colors_info=&#8221;{}&#8221;]<\/p>\n<h4><strong>Die Schule Emotionaler Transformation<\/strong><\/h4>\n<h2>Die Kunst emotionaler Alchemie: Ver\u00e4ndere t\u00e4glich Menschenleben.<\/h2>\n<p>[\/et_pb_text][et_pb_text _builder_version=&#8221;4.26.0&#8243; _module_preset=&#8221;default&#8221; text_text_color=&#8221;#000000&#8243; text_font_size=&#8221;19px&#8221; locked=&#8221;off&#8221; global_colors_info=&#8221;{}&#8221;]<\/p>\n<p style=\"text-align: center;\">Um unsere Gegenwart in Freiheit gestalten zu k\u00f6nnen, m\u00fcssen wir uns der vielleicht gr\u00f6\u00dften Aufgabe auf dem Transformativen Weg stellen:\u00a0<strong>Die L\u00fccke zwischen unserem mentalen Verst\u00e4ndnis, und unserer Emotionalen Realit\u00e4t schlie\u00dfen.<\/strong><\/p>\n<p>[\/et_pb_text][et_pb_divider color=&#8221;#FFFFFF&#8221; divider_weight=&#8221;3px&#8221; _builder_version=&#8221;4.17.6&#8243; _module_preset=&#8221;default&#8221; max_width=&#8221;10%&#8221; module_alignment=&#8221;center&#8221; locked=&#8221;off&#8221; global_colors_info=&#8221;{}&#8221;][\/et_pb_divider][\/et_pb_column][\/et_pb_row][et_pb_row column_structure=&#8221;1_2,1_2&#8243; module_id=&#8221;intro&#8221; _builder_version=&#8221;4.26.0&#8243; _module_preset=&#8221;default&#8221; width=&#8221;85%&#8221; max_width=&#8221;85%&#8221; custom_margin=&#8221;60px|auto||auto||&#8221; custom_padding=&#8221;6px||59px|||&#8221; global_colors_info=&#8221;{}&#8221;][et_pb_column type=&#8221;1_2&#8243; _builder_version=&#8221;4.16&#8243; _module_preset=&#8221;default&#8221; global_colors_info=&#8221;{}&#8221;][et_pb_image src=&#8221;https:\/\/go.shaitubali.com\/wp-content\/uploads\/2024\/07\/Schule-collage.jpg&#8221; title_text=&#8221;Emotional Transformation Titel&#8221; _builder_version=&#8221;4.26.0&#8243; _module_preset=&#8221;default&#8221; custom_margin=&#8221;24px|||||&#8221; global_colors_info=&#8221;{}&#8221;][\/et_pb_image][\/et_pb_column][et_pb_column type=&#8221;1_2&#8243; _builder_version=&#8221;4.16&#8243; _module_preset=&#8221;default&#8221; global_colors_info=&#8221;{}&#8221;][et_pb_text _builder_version=&#8221;4.19.5&#8243; _module_preset=&#8221;default&#8221; header_2_font=&#8221;|600|||||||&#8221; header_2_text_color=&#8221;#8b6442&#8243; global_colors_info=&#8221;{}&#8221;]<\/p>\n<h2>Was dich erwartet:<\/h2>\n<p>[\/et_pb_text][et_pb_blurb use_icon=&#8221;on&#8221; font_icon=&#8221;&#xf4d8;||fa||900&#8243; icon_color=&#8221;#7f3803&#8243; image_icon_background_color=&#8221;RGBA(255,255,255,0)&#8221; icon_placement=&#8221;left&#8221; image_icon_width=&#8221;34px&#8221; _builder_version=&#8221;4.26.0&#8243; _module_preset=&#8221;default&#8221; body_text_color=&#8221;#000000&#8243; custom_margin=&#8221;2px||4px||false|false&#8221; custom_padding=&#8221;||13px||false|false&#8221; global_colors_info=&#8221;{}&#8221;]<\/p>\n<p>Wie du die Kraft erweiterter Bewusstseinszust\u00e4nde nutzt, um emotionale Resilienz aufzubauen und negative Emotionen und innere Blockaden an der Wurzel zu l\u00f6sen.<\/p>\n<p>[\/et_pb_blurb][et_pb_blurb use_icon=&#8221;on&#8221; font_icon=&#8221;&#xf185;||fa||400&#8243; icon_color=&#8221;#7f3803&#8243; image_icon_background_color=&#8221;RGBA(255,255,255,0)&#8221; icon_placement=&#8221;left&#8221; image_icon_width=&#8221;34px&#8221; _builder_version=&#8221;4.26.0&#8243; _module_preset=&#8221;default&#8221; body_text_color=&#8221;#000000&#8243; custom_margin=&#8221;2px||4px||false|false&#8221; custom_padding=&#8221;||13px||false|false&#8221; global_colors_info=&#8221;{}&#8221;]<\/p>\n<p>Hebe dich mit einer einzigartigen, ganzheitlichen Methode vom Markt ab, und bewirke befreiende, heilsame Transformation bei deinen Klienten.<\/p>\n<p>[\/et_pb_blurb][et_pb_blurb use_icon=&#8221;on&#8221; font_icon=&#8221;&#xf4be;||fa||900&#8243; icon_color=&#8221;#7f3803&#8243; image_icon_background_color=&#8221;RGBA(255,255,255,0)&#8221; icon_placement=&#8221;left&#8221; image_icon_width=&#8221;34px&#8221; _builder_version=&#8221;4.26.0&#8243; _module_preset=&#8221;default&#8221; body_text_color=&#8221;#000000&#8243; custom_margin=&#8221;2px||4px||false|false&#8221; custom_padding=&#8221;||||false|false&#8221; global_colors_info=&#8221;{}&#8221;]<\/p>\n<p>Vertiefe deine bisherige Arbeit mit Menschen und bringe sie auf eine neue Ebene, oder finde als <strong>EmotionsCoach<\/strong> einen erf\u00fcllenden Beruf.<\/p>\n<p>[\/et_pb_blurb][\/et_pb_column][\/et_pb_row][et_pb_row _builder_version=&#8221;4.26.0&#8243; _module_preset=&#8221;default&#8221; global_colors_info=&#8221;{}&#8221;][et_pb_column type=&#8221;4_4&#8243; _builder_version=&#8221;4.26.0&#8243; _module_preset=&#8221;default&#8221; global_colors_info=&#8221;{}&#8221;][et_pb_button button_url=&#8221;#booking&#8221; button_text=&#8221;Weiter zur Anmeldung&#8221; button_alignment=&#8221;center&#8221; _builder_version=&#8221;4.27.0&#8243; _module_preset=&#8221;default&#8221; custom_button=&#8221;on&#8221; button_text_size=&#8221;18px&#8221; button_text_color=&#8221;#8b6442&#8243; button_bg_color=&#8221;#FFFFFF&#8221; button_border_width=&#8221;0px&#8221; button_border_radius=&#8221;21px&#8221; button_font=&#8221;|||on|||||&#8221; button_icon=&#8221;&#x3d;||divi||400&#8243; custom_margin=&#8221;17px||||false|false&#8221; box_shadow_style=&#8221;preset3&#8243; locked=&#8221;off&#8221; global_colors_info=&#8221;{}&#8221;][\/et_pb_button][\/et_pb_column][\/et_pb_row][\/et_pb_section][et_pb_section fb_built=&#8221;1&#8243; _builder_version=&#8221;4.23.4&#8243; _module_preset=&#8221;default&#8221; background_color=&#8221;#9d6d3f&#8221; locked=&#8221;off&#8221; global_colors_info=&#8221;{}&#8221;][et_pb_row column_structure=&#8221;1_4,3_4&#8243; use_custom_gutter=&#8221;on&#8221; gutter_width=&#8221;2&#8243; _builder_version=&#8221;4.19.0&#8243; _module_preset=&#8221;default&#8221; custom_margin=&#8221;||||false&#8221; border_width_bottom=&#8221;1px&#8221; border_color_bottom=&#8221;#FFFFFF&#8221; locked=&#8221;off&#8221; global_colors_info=&#8221;{}&#8221;][et_pb_column type=&#8221;1_4&#8243; _builder_version=&#8221;4.19.0&#8243; _module_preset=&#8221;default&#8221; global_colors_info=&#8221;{}&#8221;][et_pb_image src=&#8221;https:\/\/go.shaitubali.com\/wp-content\/uploads\/2024\/01\/Shai-Tubali-Transformative-Philosophy.jpg&#8221; title_text=&#8221;Shai-Tubali-Transformative-Philosophy&#8221; align=&#8221;center&#8221; _builder_version=&#8221;4.23.4&#8243; _module_preset=&#8221;default&#8221; width=&#8221;50%&#8221; border_radii=&#8221;on|25vw|25vw|25vw|25vw&#8221; global_colors_info=&#8221;{}&#8221;][\/et_pb_image][\/et_pb_column][et_pb_column type=&#8221;3_4&#8243; _builder_version=&#8221;4.19.0&#8243; _module_preset=&#8221;default&#8221; global_colors_info=&#8221;{}&#8221;][et_pb_text _builder_version=&#8221;4.23.4&#8243; _module_preset=&#8221;default&#8221; text_font=&#8221;TT Norms Medium||||||||&#8221; text_text_color=&#8221;#FFFFFF&#8221; text_line_height=&#8221;1.4em&#8221; header_font=&#8221;TT Norms Medium||||||||&#8221; header_3_font=&#8221;TT Norms Medium|300||on|||||&#8221; header_3_text_align=&#8221;center&#8221; header_3_text_color=&#8221;#FFFFFF&#8221; header_3_font_size=&#8221;19px&#8221; header_3_letter_spacing=&#8221;1px&#8221; background_layout=&#8221;dark&#8221; global_colors_info=&#8221;{}&#8221;]<\/p>\n<p>&#8220;Die n\u00e4chste psychologische Revolution besteht darin, h\u00f6here Bewusstseinszust\u00e4nde zu nutzen, um unsere emotionalen Konflikte und schwierigen Erinnerungen zu entwirren. Wir k\u00f6nnen Probleme nicht aus dem begrenzten Verstand heraus l\u00f6sen, der sie geschaffen hat. Nur der Gigant des Bewusstseins in dir kann diese Aufgabe erf\u00fcllen.&#8221;<\/p>\n<p>&nbsp;<\/p>\n<h3 style=\"text-align: left;\">&#8211; Dr. Shai Tubali<\/h3>\n<p>[\/et_pb_text][\/et_pb_column][\/et_pb_row][\/et_pb_section][et_pb_section fb_built=&#8221;1&#8243; _builder_version=&#8221;4.26.0&#8243; _module_preset=&#8221;default&#8221; use_background_color_gradient=&#8221;on&#8221; background_color_gradient_direction=&#8221;136deg&#8221; background_color_gradient_stops=&#8221;rgba(255,255,255,0.87) 0%|#d9bf9c 99%&#8221; background_color_gradient_overlays_image=&#8221;on&#8221; background_image=&#8221;https:\/\/go.shaitubali.com\/wp-content\/uploads\/2022\/05\/Emotional-Transformation-Back2.jpg&#8221; custom_margin=&#8221;||||false|false&#8221; custom_padding=&#8221;4px||80px||false|false&#8221; locked=&#8221;off&#8221; global_colors_info=&#8221;{}&#8221;][et_pb_row module_id=&#8221;mehr&#8221; _builder_version=&#8221;4.26.0&#8243; _module_preset=&#8221;default&#8221; custom_margin=&#8221;45px|auto||auto||&#8221; global_colors_info=&#8221;{}&#8221;][et_pb_column type=&#8221;4_4&#8243; _builder_version=&#8221;4.16&#8243; _module_preset=&#8221;default&#8221; global_colors_info=&#8221;{}&#8221;][et_pb_text _builder_version=&#8221;4.23.4&#8243; _module_preset=&#8221;default&#8221; text_text_color=&#8221;#000000&#8243; header_text_color=&#8221;#000000&#8243; header_2_text_align=&#8221;center&#8221; header_2_text_color=&#8221;#000000&#8243; header_2_font_size=&#8221;44px&#8221; header_4_font=&#8221;|||on|||||&#8221; header_4_text_color=&#8221;#000000&#8243; text_orientation=&#8221;center&#8221; custom_margin=&#8221;18px|||||&#8221; global_colors_info=&#8221;{}&#8221;]<\/p>\n<h4><strong>Das Erfolgskonzept<\/strong><\/h4>\n<h2>M\u00f6chtest du in der Lage sein, Leben zu ver\u00e4ndern und heilsame und tief befreiende Transformation in die Welt zu bringen?<\/h2>\n<p>[\/et_pb_text][et_pb_video src=&#8221;https:\/\/vimeo.com\/716376151&#8243; _builder_version=&#8221;4.17.4&#8243; _module_preset=&#8221;default&#8221; width=&#8221;87%&#8221; custom_margin=&#8221;|5%||5%|false|false&#8221; global_colors_info=&#8221;{}&#8221;][\/et_pb_video][et_pb_text _builder_version=&#8221;4.26.0&#8243; _module_preset=&#8221;default&#8221; text_text_color=&#8221;#000000&#8243; global_colors_info=&#8221;{}&#8221;]<\/p>\n<p style=\"text-align: center;\">Nach der Schule Emotionaler Transformation wirst du in der Lage sein:<\/p>\n<p>[\/et_pb_text][et_pb_divider color=&#8221;#FFFFFF&#8221; divider_weight=&#8221;3px&#8221; _builder_version=&#8221;4.17.6&#8243; _module_preset=&#8221;default&#8221; max_width=&#8221;10%&#8221; module_alignment=&#8221;center&#8221; locked=&#8221;off&#8221; global_colors_info=&#8221;{}&#8221;][\/et_pb_divider][\/et_pb_column][\/et_pb_row][et_pb_row column_structure=&#8221;1_3,1_3,1_3&#8243; make_equal=&#8221;on&#8221; _builder_version=&#8221;4.23.4&#8243; _module_preset=&#8221;default&#8221; custom_padding=&#8221;6px||18px|||&#8221; locked=&#8221;off&#8221; global_colors_info=&#8221;{}&#8221;][et_pb_column type=&#8221;1_3&#8243; _builder_version=&#8221;4.23.4&#8243; _module_preset=&#8221;default&#8221; background_color=&#8221;#FFFFFF&#8221; custom_padding=&#8221;2%|2%|2%|2%|false|false&#8221; box_shadow_style=&#8221;preset3&#8243; global_colors_info=&#8221;{}&#8221;][et_pb_blurb use_icon=&#8221;on&#8221; font_icon=&#8221;&#xf183;||fa||900&#8243; icon_color=&#8221;#7f3803&#8243; image_icon_background_color=&#8221;RGBA(255,255,255,0)&#8221; image_icon_width=&#8221;34px&#8221; icon_alignment=&#8221;left&#8221; _builder_version=&#8221;4.26.0&#8243; _module_preset=&#8221;default&#8221; body_text_color=&#8221;#000000&#8243; custom_margin=&#8221;2px||4px||false|false&#8221; custom_padding=&#8221;||||false|false&#8221; global_colors_info=&#8221;{}&#8221;]<\/p>\n<p>Die emotionale &#8220;Landkarte&#8221; von Klienten zu lesen und so individuelle Transformationsprozesse zu kreieren.<\/p>\n<p>[\/et_pb_blurb][\/et_pb_column][et_pb_column type=&#8221;1_3&#8243; _builder_version=&#8221;4.16&#8243; _module_preset=&#8221;default&#8221; background_color=&#8221;#FFFFFF&#8221; custom_padding=&#8221;2%|2%|2%|2%|false|false&#8221; box_shadow_style=&#8221;preset3&#8243; global_colors_info=&#8221;{}&#8221;][et_pb_blurb use_icon=&#8221;on&#8221; font_icon=&#8221;&#xf185;||fa||900&#8243; icon_color=&#8221;#7f3803&#8243; image_icon_background_color=&#8221;RGBA(255,255,255,0)&#8221; image_icon_width=&#8221;34px&#8221; icon_alignment=&#8221;left&#8221; _builder_version=&#8221;4.26.0&#8243; _module_preset=&#8221;default&#8221; body_text_color=&#8221;#000000&#8243; custom_margin=&#8221;2px||4px||false|false&#8221; custom_padding=&#8221;||||false|false&#8221; global_colors_info=&#8221;{}&#8221;]<\/p>\n<p>Menschen Zuverl\u00e4ssig aus einer Opferperspektive in ein Erleben innerer Kraft, Selbstverantwortung und Zuversicht zu f\u00fchren.<\/p>\n<p>[\/et_pb_blurb][\/et_pb_column][et_pb_column type=&#8221;1_3&#8243; _builder_version=&#8221;4.16&#8243; _module_preset=&#8221;default&#8221; background_color=&#8221;#FFFFFF&#8221; custom_padding=&#8221;2%|2%|2%|2%|false|false&#8221; box_shadow_style=&#8221;preset3&#8243; global_colors_info=&#8221;{}&#8221;][et_pb_blurb use_icon=&#8221;on&#8221; font_icon=&#8221;&#xf4d8;||fa||900&#8243; icon_color=&#8221;#7f3803&#8243; image_icon_background_color=&#8221;RGBA(255,255,255,0)&#8221; image_icon_width=&#8221;34px&#8221; icon_alignment=&#8221;left&#8221; _builder_version=&#8221;4.26.0&#8243; _module_preset=&#8221;default&#8221; body_text_color=&#8221;#000000&#8243; custom_margin=&#8221;2px||4px||false|false&#8221; custom_padding=&#8221;||||false|false&#8221; global_colors_info=&#8221;{}&#8221;]<\/p>\n<p>Die Kraft erweiterter Bewusstseinszust\u00e4nde zu nutzen, um emotionale Resilienz aufzubauen und negative Emotionen und innere Blockaden an der Wurzel zu l\u00f6sen.<\/p>\n<p>[\/et_pb_blurb][\/et_pb_column][\/et_pb_row][et_pb_row _builder_version=&#8221;4.23.4&#8243; _module_preset=&#8221;default&#8221; global_colors_info=&#8221;{}&#8221;][et_pb_column type=&#8221;4_4&#8243; _builder_version=&#8221;4.23.4&#8243; _module_preset=&#8221;default&#8221; global_colors_info=&#8221;{}&#8221;][et_pb_text _builder_version=&#8221;4.26.0&#8243; _module_preset=&#8221;default&#8221; global_colors_info=&#8221;{}&#8221;]<\/p>\n<p style=\"text-align: center;\"><i><span style=\"font-weight: 400;\">Dies ist die einzige Gelegenheit in 2024 in den Methoden Emotionaler Transformation ausgebildet zu werden.<\/span><\/i><\/p>\n<p>[\/et_pb_text][\/et_pb_column][\/et_pb_row][et_pb_row _builder_version=&#8221;4.23.4&#8243; _module_preset=&#8221;default&#8221; locked=&#8221;off&#8221; global_colors_info=&#8221;{}&#8221;][et_pb_column type=&#8221;4_4&#8243; _builder_version=&#8221;4.23.4&#8243; _module_preset=&#8221;default&#8221; global_colors_info=&#8221;{}&#8221;][et_pb_button button_url=&#8221;#booking&#8221; button_text=&#8221;Weiter zur Anmeldung&#8221; button_alignment=&#8221;center&#8221; _builder_version=&#8221;4.27.0&#8243; _module_preset=&#8221;default&#8221; custom_button=&#8221;on&#8221; button_text_size=&#8221;18px&#8221; button_text_color=&#8221;#8b6442&#8243; button_bg_color=&#8221;#FFFFFF&#8221; button_border_width=&#8221;0px&#8221; button_border_radius=&#8221;21px&#8221; button_font=&#8221;|||on|||||&#8221; button_icon=&#8221;&#x3d;||divi||400&#8243; custom_margin=&#8221;17px||||false|false&#8221; box_shadow_style=&#8221;preset3&#8243; locked=&#8221;off&#8221; global_colors_info=&#8221;{}&#8221;][\/et_pb_button][\/et_pb_column][\/et_pb_row][\/et_pb_section][et_pb_section fb_built=&#8221;1&#8243; _builder_version=&#8221;4.20.2&#8243; _module_preset=&#8221;default&#8221; background_color=&#8221;#c8a980&#8243; background_enable_image=&#8221;off&#8221; parallax=&#8221;on&#8221; parallax_method=&#8221;off&#8221; custom_padding=&#8221;||16px||false|false&#8221; global_colors_info=&#8221;{}&#8221;][et_pb_row _builder_version=&#8221;4.16&#8243; _module_preset=&#8221;default&#8221; custom_margin=&#8221;45px|auto||auto||&#8221; global_colors_info=&#8221;{}&#8221;][et_pb_column type=&#8221;4_4&#8243; _builder_version=&#8221;4.16&#8243; _module_preset=&#8221;default&#8221; global_colors_info=&#8221;{}&#8221;][et_pb_text _builder_version=&#8221;4.20.2&#8243; _module_preset=&#8221;default&#8221; text_text_color=&#8221;#000000&#8243; header_2_text_align=&#8221;center&#8221; header_2_text_color=&#8221;#FFFFFF&#8221; header_2_font_size=&#8221;44px&#8221; header_4_font=&#8221;|||on|||||&#8221; header_4_text_color=&#8221;#FFFFFF&#8221; text_orientation=&#8221;center&#8221; custom_margin=&#8221;18px|||||&#8221; global_colors_info=&#8221;{}&#8221;]<\/p>\n<h4><strong>Deine Zukunft als Transformationscoach in der TIP-Methode<\/strong><\/h4>\n<h2><strong>Emotionen<\/strong> als Schl\u00fcssel zu innerer Freiheit<\/h2>\n<p>[\/et_pb_text][et_pb_divider color=&#8221;#FFFFFF&#8221; divider_weight=&#8221;3px&#8221; _builder_version=&#8221;4.17.6&#8243; _module_preset=&#8221;default&#8221; max_width=&#8221;10%&#8221; module_alignment=&#8221;center&#8221; locked=&#8221;off&#8221; global_colors_info=&#8221;{}&#8221;][\/et_pb_divider][et_pb_text _builder_version=&#8221;4.26.0&#8243; _module_preset=&#8221;default&#8221; text_font_size=&#8221;20px&#8221; background_layout=&#8221;dark&#8221; global_colors_info=&#8221;{}&#8221;]<\/p>\n<p style=\"text-align: center;\">Nur, wenn wir unsere emotionale Realit\u00e4t verstehen, und an der Wurzel transformieren k\u00f6nnen, ist nachhaltige, befreiende Transformation m\u00f6glich.<\/p>\n<p style=\"text-align: center;\">[\/et_pb_text][\/et_pb_column][\/et_pb_row][et_pb_row column_structure=&#8221;1_2,1_2&#8243; _builder_version=&#8221;4.17.3&#8243; _module_preset=&#8221;default&#8221; global_colors_info=&#8221;{}&#8221;][et_pb_column type=&#8221;1_2&#8243; _builder_version=&#8221;4.17.3&#8243; _module_preset=&#8221;default&#8221; global_colors_info=&#8221;{}&#8221;][et_pb_image src=&#8221;https:\/\/go.shaitubali.com\/wp-content\/uploads\/2022\/06\/erfolgreiche-therapie1.jpg&#8221; title_text=&#8221;erfolgreiche-therapie1&#8243; _builder_version=&#8221;4.17.4&#8243; _module_preset=&#8221;default&#8221; custom_margin=&#8221;36px|||||&#8221; global_colors_info=&#8221;{}&#8221;][\/et_pb_image][\/et_pb_column][et_pb_column type=&#8221;1_2&#8243; _builder_version=&#8221;4.17.3&#8243; _module_preset=&#8221;default&#8221; global_colors_info=&#8221;{}&#8221;][et_pb_text _builder_version=&#8221;4.20.2&#8243; _module_preset=&#8221;default&#8221; background_layout=&#8221;dark&#8221; global_colors_info=&#8221;{}&#8221;]<\/p>\n<p><em>Ob wir dazu neigen Emotionen zu unterdr\u00fccken, oder von ihnen \u00fcberw\u00e4ltigt werden &#8211; wir haben nie einen hilfreichen, transformativen Umgang mit unseren Emotionen erlernt.<\/em><\/p>\n<p><em> <\/em><strong>Es ist Zeit f\u00fcr einen neuen Ansatz!\u00a0<\/strong><\/p>\n<p>[\/et_pb_text][et_pb_blurb use_icon=&#8221;on&#8221; font_icon=&#8221;&#xf21d;||fa||900&#8243; icon_color=&#8221;#7f3803&#8243; image_icon_background_color=&#8221;RGBA(255,255,255,0)&#8221; icon_placement=&#8221;left&#8221; _builder_version=&#8221;4.26.0&#8243; _module_preset=&#8221;default&#8221; background_layout=&#8221;dark&#8221; custom_margin=&#8221;2px||4px||false|false&#8221; custom_padding=&#8221;||||false|false&#8221; locked=&#8221;off&#8221; global_colors_info=&#8221;{}&#8221;]<\/p>\n<p>Unsere Emotionen stehen im Zentrum unserer allt\u00e4glichen Erfahrung. Ob wir uns den Herausforderungen des Lebens gewachsen f\u00fchlen, wie wir pl\u00f6tzlichen Ver\u00e4nderungen, Verlust und Trauer begegnen k\u00f6nnen, h\u00e4ngt von der Reife unseres emotionalen Systems ab.<\/p>\n<p>[\/et_pb_blurb][et_pb_blurb use_icon=&#8221;on&#8221; font_icon=&#8221;&#xe001;||divi||400&#8243; icon_color=&#8221;#7f3803&#8243; image_icon_background_color=&#8221;RGBA(255,255,255,0)&#8221; icon_placement=&#8221;left&#8221; _builder_version=&#8221;4.25.1&#8243; _module_preset=&#8221;default&#8221; background_layout=&#8221;dark&#8221; custom_margin=&#8221;2px||4px||false|false&#8221; custom_padding=&#8221;||||false|false&#8221; locked=&#8221;off&#8221; global_colors_info=&#8221;{}&#8221;]<\/p>\n<p>Das macht emotionale Reife zu einem zentralen Schl\u00fcssel zu innerer Freiheit und einem erf\u00fcllten Leben. Rein mentale Coaching- und Therapie Ans\u00e4tze reichen nicht aus. Es braucht einen ganzheitlichen Ansatz, der es uns erm\u00f6glicht unsere emotionale Realit\u00e4t zu ver\u00e4ndern.<\/p>\n<p>[\/et_pb_blurb][et_pb_blurb use_icon=&#8221;on&#8221; font_icon=&#8221;&#xe02d;||divi||400&#8243; icon_color=&#8221;#7f3803&#8243; image_icon_background_color=&#8221;RGBA(255,255,255,0)&#8221; icon_placement=&#8221;left&#8221; _builder_version=&#8221;4.25.1&#8243; _module_preset=&#8221;default&#8221; background_layout=&#8221;dark&#8221; custom_margin=&#8221;2px||4px||false|false&#8221; custom_padding=&#8221;||||false|false&#8221; locked=&#8221;off&#8221; global_colors_info=&#8221;{}&#8221;]<\/p>\n<p><span><em>Das ist die Einladung dieses 8-monatigen Flaggschiff-Programms von Dr. Shai Tubali. \u00dcber 120 Therapeuten, Menschen in Heilberufen und Coaches wurden bereits in ganz Europa in diesem System ausgebildet.<\/em><\/span><\/p>\n<p>&nbsp;<\/p>\n<p>[\/et_pb_blurb][et_pb_button button_url=&#8221;#booking&#8221; button_text=&#8221;Ja, ich m\u00f6chte emotionale Transformation bewirken&#8221; button_alignment=&#8221;center&#8221; _builder_version=&#8221;4.27.0&#8243; _module_preset=&#8221;default&#8221; custom_button=&#8221;on&#8221; button_text_size=&#8221;18px&#8221; button_text_color=&#8221;#8b6442&#8243; button_bg_color=&#8221;#FFFFFF&#8221; button_border_width=&#8221;0px&#8221; button_border_radius=&#8221;21px&#8221; button_font=&#8221;|||on|||||&#8221; button_icon=&#8221;&#x3d;||divi||400&#8243; custom_margin=&#8221;17px||||false|false&#8221; box_shadow_style=&#8221;preset3&#8243; locked=&#8221;off&#8221; global_colors_info=&#8221;{}&#8221;][\/et_pb_button][\/et_pb_column][\/et_pb_row][\/et_pb_section][et_pb_section fb_built=&#8221;1&#8243; _builder_version=&#8221;4.20.2&#8243; _module_preset=&#8221;default&#8221; background_color=&#8221;#ece3d6&#8243; top_divider_color=&#8221;#FFFFFF&#8221; bottom_divider_color=&#8221;#FFFFFF&#8221; global_colors_info=&#8221;{}&#8221;][et_pb_row _builder_version=&#8221;4.17.4&#8243; _module_preset=&#8221;default&#8221; custom_margin=&#8221;|auto||auto|false|false&#8221; custom_padding=&#8221;40px||||false|false&#8221; global_colors_info=&#8221;{}&#8221;][et_pb_column type=&#8221;4_4&#8243; _builder_version=&#8221;4.16&#8243; _module_preset=&#8221;default&#8221; global_colors_info=&#8221;{}&#8221;][et_pb_text _builder_version=&#8221;4.17.3&#8243; _module_preset=&#8221;default&#8221; text_text_color=&#8221;#000000&#8243; header_2_text_align=&#8221;center&#8221; header_2_text_color=&#8221;#161426&#8243; header_2_font_size=&#8221;37px&#8221; header_4_text_color=&#8221;#7f3803&#8243; text_orientation=&#8221;center&#8221; custom_margin=&#8221;47px|||||&#8221; global_colors_info=&#8221;{}&#8221;]<\/p>\n<h4><strong>WAS DICH ERWARTET<\/strong><\/h4>\n<h2>Die Ausbildung, die Alles ver\u00e4ndert<\/h2>\n<p>[\/et_pb_text][et_pb_text _builder_version=&#8221;4.17.4&#8243; _module_preset=&#8221;default&#8221; global_colors_info=&#8221;{}&#8221;]<\/p>\n<p style=\"text-align: center;\">Alle Lehrinhalte der Ausbildung stehen Dir Online zur Verf\u00fcgung. So kannst du zeitlich und \u00f6rtlich flexibel die Ausbildung absolvieren. Unterst\u00fctzt wirst du von live-Supervisionsabenden, monatlichen Praxispartner*innen und unserem Online-Forum.<\/p>\n<p>[\/et_pb_text][\/et_pb_column][\/et_pb_row][et_pb_row column_structure=&#8221;1_2,1_2&#8243; _builder_version=&#8221;4.19.5&#8243; _module_preset=&#8221;default&#8221; locked=&#8221;off&#8221; global_colors_info=&#8221;{}&#8221;][et_pb_column type=&#8221;1_2&#8243; _builder_version=&#8221;4.19.5&#8243; _module_preset=&#8221;default&#8221; global_colors_info=&#8221;{}&#8221;][et_pb_image src=&#8221;https:\/\/go.shaitubali.com\/wp-content\/uploads\/2024\/07\/laptop.jpg&#8221; _builder_version=&#8221;4.26.0&#8243; _module_preset=&#8221;default&#8221; global_colors_info=&#8221;{}&#8221;][\/et_pb_image][\/et_pb_column][et_pb_column type=&#8221;1_2&#8243; _builder_version=&#8221;4.19.5&#8243; _module_preset=&#8221;default&#8221; global_colors_info=&#8221;{}&#8221;][et_pb_blurb title=&#8221;Erf\u00fcllte T\u00e4tigkeit als EmotionsCoach&#8221; use_icon=&#8221;on&#8221; font_icon=&#8221;&#x4e;||divi||400&#8243; icon_color=&#8221;#7f3803&#8243; image_icon_background_color=&#8221;RGBA(255,255,255,0)&#8221; icon_placement=&#8221;left&#8221; _builder_version=&#8221;4.26.0&#8243; _module_preset=&#8221;default&#8221; custom_margin=&#8221;2px||4px||false|false&#8221; custom_padding=&#8221;||||false|false&#8221; global_colors_info=&#8221;{}&#8221;]<\/p>\n<p>Du erlernst ein ganzheitliches Transformations-Konzept mit dem du Menschen tiefgreifend begleiten und zu einem Durchbruch f\u00fchren kannst. Du findest Erf\u00fcllung in dem was du tust und machst mit deinem Wirken einen Unterschied in der Welt.<\/p>\n<p>[\/et_pb_blurb][et_pb_blurb title=&#8221;Hebe dich mit einer einzigartigen Methodik ab&#8221; use_icon=&#8221;on&#8221; font_icon=&#8221;&#x4e;||divi||400&#8243; icon_color=&#8221;#7f3803&#8243; image_icon_background_color=&#8221;RGBA(255,255,255,0)&#8221; icon_placement=&#8221;left&#8221; _builder_version=&#8221;4.26.0&#8243; _module_preset=&#8221;default&#8221; custom_margin=&#8221;2px||4px||false|false&#8221; custom_padding=&#8221;||||false|false&#8221; global_colors_info=&#8221;{}&#8221;]<\/p>\n<p>Du erlernst einen einzigartigen Ansatz, der es dir erm\u00f6glicht an der Wurzel unserer Herausforderungen zu arbeiten &#8211; im Unterbewusstsein und so tiefgreifende Ver\u00e4nderung bei deinen Klienten zu bewirken.<\/p>\n<p>[\/et_pb_blurb][et_pb_blurb title=&#8221;Pers\u00f6nliche Begleitung&#8221; use_icon=&#8221;on&#8221; font_icon=&#8221;&#x4e;||divi||400&#8243; icon_color=&#8221;#7f3803&#8243; image_icon_background_color=&#8221;RGBA(255,255,255,0)&#8221; icon_placement=&#8221;left&#8221; _builder_version=&#8221;4.26.0&#8243; _module_preset=&#8221;default&#8221; custom_margin=&#8221;2px||4px||false|false&#8221; custom_padding=&#8221;||||false|false&#8221; global_colors_info=&#8221;{}&#8221;]<\/p>\n<p>In monatlichen Gruppen-Supervisionen kannst du deine Fragen stellen und wirst zus\u00e4tzlich von einem pers\u00f6nlich in diesem Prozess begleitet.<\/p>\n<p>[\/et_pb_blurb][\/et_pb_column][\/et_pb_row][et_pb_row column_structure=&#8221;1_5,3_5,1_5&#8243; _builder_version=&#8221;4.16&#8243; _module_preset=&#8221;default&#8221; global_colors_info=&#8221;{}&#8221;][et_pb_column type=&#8221;1_5&#8243; _builder_version=&#8221;4.16&#8243; _module_preset=&#8221;default&#8221; global_colors_info=&#8221;{}&#8221;][\/et_pb_column][et_pb_column type=&#8221;3_5&#8243; _builder_version=&#8221;4.16&#8243; _module_preset=&#8221;default&#8221; global_colors_info=&#8221;{}&#8221;][et_pb_button button_url=&#8221;#booking&#8221; button_text=&#8221;Ja, ich m\u00f6chte meine Emotionale Realit\u00e4t meistern&#8221; button_alignment=&#8221;center&#8221; _builder_version=&#8221;4.27.0&#8243; _module_preset=&#8221;default&#8221; custom_button=&#8221;on&#8221; button_text_color=&#8221;#FFFFFF&#8221; button_bg_color=&#8221;#9D6D3F&#8221; button_border_width=&#8221;2px&#8221; button_border_color=&#8221;RGBA(255,255,255,0)&#8221; button_border_radius=&#8221;25px&#8221; button_icon=&#8221;&#x3d;||divi||400&#8243; box_shadow_style=&#8221;preset3&#8243; locked=&#8221;off&#8221; global_colors_info=&#8221;{}&#8221;][\/et_pb_button][et_pb_text _builder_version=&#8221;4.16&#8243; _module_preset=&#8221;default&#8221; text_font_size=&#8221;13px&#8221; text_line_height=&#8221;1.6em&#8221; text_orientation=&#8221;center&#8221; global_colors_info=&#8221;{}&#8221;]<\/p>\n<p><em>Die Erstberatung ist kostenfrei und unverbindlich. Sie dient dem gegenseitigen Kennenlernen, damit wir dann gemeinsam entscheiden k\u00f6nnen, welche n\u00e4chsten Schritte f\u00fcr dich sinnvoll sind.<br \/><\/em><\/p>\n<p>[\/et_pb_text][\/et_pb_column][et_pb_column type=&#8221;1_5&#8243; _builder_version=&#8221;4.16&#8243; _module_preset=&#8221;default&#8221; global_colors_info=&#8221;{}&#8221;][\/et_pb_column][\/et_pb_row][\/et_pb_section][et_pb_section fb_built=&#8221;1&#8243; _builder_version=&#8221;4.26.0&#8243; _module_preset=&#8221;default&#8221; background_color=&#8221;#ece3d6&#8243; global_colors_info=&#8221;{}&#8221;][et_pb_row module_id=&#8221;mehr&#8221; _builder_version=&#8221;4.26.0&#8243; _module_preset=&#8221;default&#8221; custom_margin=&#8221;45px|auto||auto||&#8221; global_colors_info=&#8221;{}&#8221;][et_pb_column type=&#8221;4_4&#8243; _builder_version=&#8221;4.16&#8243; _module_preset=&#8221;default&#8221; global_colors_info=&#8221;{}&#8221;][et_pb_text _builder_version=&#8221;4.23.4&#8243; _module_preset=&#8221;default&#8221; text_text_color=&#8221;#000000&#8243; header_text_color=&#8221;#000000&#8243; header_2_text_align=&#8221;center&#8221; header_2_text_color=&#8221;#000000&#8243; header_2_font_size=&#8221;44px&#8221; header_4_font=&#8221;|||on|||||&#8221; header_4_text_color=&#8221;#000000&#8243; text_orientation=&#8221;center&#8221; custom_margin=&#8221;18px|||||&#8221; global_colors_info=&#8221;{}&#8221;]<\/p>\n<h4><strong>Ein ganzheitliches Verst\u00e4ndnis nachhaltige transformation<\/strong><\/h4>\n<h2>Werde Teil der Bewusstseinsrevolution\u00a0<\/h2>\n<p>[\/et_pb_text][et_pb_divider color=&#8221;#FFFFFF&#8221; divider_weight=&#8221;3px&#8221; _builder_version=&#8221;4.17.6&#8243; _module_preset=&#8221;default&#8221; max_width=&#8221;10%&#8221; module_alignment=&#8221;center&#8221; locked=&#8221;off&#8221; global_colors_info=&#8221;{}&#8221;][\/et_pb_divider][\/et_pb_column][\/et_pb_row][\/et_pb_section][et_pb_section fb_built=&#8221;1&#8243; specialty=&#8221;on&#8221; _builder_version=&#8221;4.26.0&#8243; _module_preset=&#8221;default&#8221; background_color=&#8221;#ece3d6&#8243; custom_padding=&#8221;||46px|||&#8221; locked=&#8221;off&#8221; global_colors_info=&#8221;{}&#8221;][et_pb_column type=&#8221;1_2&#8243; specialty_columns=&#8221;2&#8243; _builder_version=&#8221;4.16&#8243; custom_padding=&#8221;|||&#8221; global_colors_info=&#8221;{}&#8221; custom_padding__hover=&#8221;|||&#8221;][et_pb_row_inner _builder_version=&#8221;4.23.4&#8243; _module_preset=&#8221;default&#8221; global_colors_info=&#8221;{}&#8221;][et_pb_column_inner saved_specialty_column_type=&#8221;1_2&#8243; _builder_version=&#8221;4.23.4&#8243; _module_preset=&#8221;default&#8221; global_colors_info=&#8221;{}&#8221;][et_pb_text _builder_version=&#8221;4.23.4&#8243; _module_preset=&#8221;default&#8221; global_colors_info=&#8221;{}&#8221;]<\/p>\n<h3><strong>DIE FORSCHUNG ZEIGT:<\/strong><\/h3>\n<p>[\/et_pb_text][\/et_pb_column_inner][\/et_pb_row_inner][et_pb_row_inner column_structure=&#8221;1_2,1_2&#8243; _builder_version=&#8221;4.23.4&#8243; _module_preset=&#8221;default&#8221; global_colors_info=&#8221;{}&#8221;][et_pb_column_inner type=&#8221;1_2&#8243; saved_specialty_column_type=&#8221;1_2&#8243; _builder_version=&#8221;4.23.4&#8243; _module_preset=&#8221;default&#8221; global_colors_info=&#8221;{}&#8221;][et_pb_blurb title=&#8221;Signifikant gesteigerte mentale Gesundheit&#8221; image=&#8221;https:\/\/go.shaitubali.com\/wp-content\/uploads\/2022\/11\/Radiate1front.png&#8221; image_icon_width=&#8221;40%&#8221; _builder_version=&#8221;4.19.5&#8243; _module_preset=&#8221;default&#8221; header_font_size=&#8221;20px&#8221; text_orientation=&#8221;center&#8221; global_colors_info=&#8221;{}&#8221;][\/et_pb_blurb][\/et_pb_column_inner][et_pb_column_inner type=&#8221;1_2&#8243; saved_specialty_column_type=&#8221;1_2&#8243; _builder_version=&#8221;4.23.4&#8243; _module_preset=&#8221;default&#8221; global_colors_info=&#8221;{}&#8221;][et_pb_blurb title=&#8221;Erh\u00f6htes Wohlbefinden&#8221; image=&#8221;https:\/\/go.shaitubali.com\/wp-content\/uploads\/2022\/11\/Radiate1front.png&#8221; image_icon_width=&#8221;40%&#8221; _builder_version=&#8221;4.20.2&#8243; _module_preset=&#8221;default&#8221; header_font_size=&#8221;20px&#8221; text_orientation=&#8221;center&#8221; global_colors_info=&#8221;{}&#8221;][\/et_pb_blurb][\/et_pb_column_inner][\/et_pb_row_inner][et_pb_row_inner _builder_version=&#8221;4.23.4&#8243; _module_preset=&#8221;default&#8221; global_colors_info=&#8221;{}&#8221;][et_pb_column_inner saved_specialty_column_type=&#8221;1_2&#8243; _builder_version=&#8221;4.23.4&#8243; _module_preset=&#8221;default&#8221; global_colors_info=&#8221;{}&#8221;][et_pb_blurb title=&#8221;Reduzierte negative Anspannung und Stress&#8221; image=&#8221;https:\/\/go.shaitubali.com\/wp-content\/uploads\/2022\/11\/Radiate1front.png&#8221; image_icon_width=&#8221;40%&#8221; content_max_width=&#8221;45%&#8221; _builder_version=&#8221;4.23.4&#8243; _module_preset=&#8221;default&#8221; header_font_size=&#8221;20px&#8221; text_orientation=&#8221;center&#8221; global_colors_info=&#8221;{}&#8221;][\/et_pb_blurb][\/et_pb_column_inner][\/et_pb_row_inner][\/et_pb_column][et_pb_column type=&#8221;1_2&#8243; _builder_version=&#8221;4.16&#8243; custom_padding=&#8221;|||&#8221; global_colors_info=&#8221;{}&#8221; custom_padding__hover=&#8221;|||&#8221;][et_pb_text _builder_version=&#8221;4.17.3&#8243; _module_preset=&#8221;default&#8221; text_text_color=&#8221;#000000&#8243; header_2_text_align=&#8221;center&#8221; header_2_text_color=&#8221;#161426&#8243; header_2_font_size=&#8221;37px&#8221; header_4_text_color=&#8221;#7f3803&#8243; text_orientation=&#8221;center&#8221; custom_margin=&#8221;9px|||||&#8221; global_colors_info=&#8221;{}&#8221;]<\/p>\n<h4><strong>DIE REVOLUTION DES ERWEITERTEN BEWUSSTSEINS<\/strong><\/h4>\n<h2>Die Expansions-Methode<\/h2>\n<p>[\/et_pb_text][et_pb_text _builder_version=&#8221;4.23.4&#8243; _module_preset=&#8221;default&#8221; global_colors_info=&#8221;{}&#8221;]<\/p>\n<p style=\"text-align: left;\"><span>Die von Dr. Shai Tubali entwickelte <\/span><strong><em>\u201eExpansions-Methode\u201c<\/em><\/strong><span> wird mittlerweile von Therapeuten und Coaches in ganz Europa angewandt. Ihre Wirksamkeit konnte in einer Studie mit der Charit\u00e9 in Berlin, einer der gr\u00f6\u00dften Universit\u00e4tskliniken Europas belegt werden.<\/span><\/p>\n<p style=\"text-align: left;\">Sie erlaubt es uns auf systematische und zuverl\u00e4ssige Weise auf erweiterte Bewusstseinszust\u00e4nde zuzugreifen, in denen ein Erleben von Ganzheit, Klarheit, Innerer Kraft und Gesundheit zu Hause sind.\u00a0<span><\/span><\/p>\n<p style=\"text-align: left;\">Dadurch, dass wir unser Bewusstsein in diesem Zustand als gr\u00f6\u00dfer, als jede negative Erinnerung erleben, k\u00f6nnen wir uns ihr ohne Widerstand und frei von \u00c4ngsten zuwenden und sie achtsam an der Wurzel l\u00f6sen.<\/p>\n<p style=\"text-align: left;\"><span><\/span><\/p>\n<p>[\/et_pb_text][\/et_pb_column][\/et_pb_section][et_pb_section fb_built=&#8221;1&#8243; _builder_version=&#8221;4.23.4&#8243; _module_preset=&#8221;default&#8221; background_color=&#8221;#ece3d6&#8243; background_enable_image=&#8221;off&#8221; parallax=&#8221;on&#8221; parallax_method=&#8221;off&#8221; custom_padding=&#8221;||16px||false|false&#8221; locked=&#8221;off&#8221; global_colors_info=&#8221;{}&#8221;][et_pb_row _builder_version=&#8221;4.16&#8243; _module_preset=&#8221;default&#8221; custom_margin=&#8221;45px|auto||auto||&#8221; global_colors_info=&#8221;{}&#8221;][et_pb_column type=&#8221;4_4&#8243; _builder_version=&#8221;4.16&#8243; _module_preset=&#8221;default&#8221; global_colors_info=&#8221;{}&#8221;][et_pb_text _builder_version=&#8221;4.23.4&#8243; _module_preset=&#8221;default&#8221; text_text_color=&#8221;#000000&#8243; header_text_color=&#8221;#000000&#8243; header_2_text_align=&#8221;center&#8221; header_2_text_color=&#8221;#000000&#8243; header_2_font_size=&#8221;44px&#8221; header_4_font=&#8221;|||on|||||&#8221; header_4_text_color=&#8221;#000000&#8243; text_orientation=&#8221;center&#8221; custom_margin=&#8221;18px|||||&#8221; global_colors_info=&#8221;{}&#8221;]<\/p>\n<h4><strong>F\u00dcR EINE BEFREIENDE UND INTEGRATIVE ERFAHRUNG<\/strong><\/h4>\n<h2>Bestandteile des Programms<\/h2>\n<p>[\/et_pb_text][et_pb_text _builder_version=&#8221;4.26.0&#8243; _module_preset=&#8221;default&#8221; text_text_color=&#8221;#000000&#8243; text_orientation=&#8221;center&#8221; global_colors_info=&#8221;{}&#8221;]<\/p>\n<p>In der Weiterbildung haben wir die optimale Kombination aus Live-Calls, Partnerarbeit, Supervision, Mentorenbegleitung, optionalen vertiefenden Inhalten zum Selbststudium und Austausch in der Community geschaffen.<\/p>\n<p>[\/et_pb_text][et_pb_divider color=&#8221;#FFFFFF&#8221; divider_weight=&#8221;3px&#8221; _builder_version=&#8221;4.17.6&#8243; _module_preset=&#8221;default&#8221; max_width=&#8221;10%&#8221; module_alignment=&#8221;center&#8221; locked=&#8221;off&#8221; global_colors_info=&#8221;{}&#8221;][\/et_pb_divider][\/et_pb_column][\/et_pb_row][et_pb_row column_structure=&#8221;1_3,1_3,1_3&#8243; make_equal=&#8221;on&#8221; _builder_version=&#8221;4.23.4&#8243; _module_preset=&#8221;default&#8221; custom_padding=&#8221;6px||18px|||&#8221; locked=&#8221;off&#8221; global_colors_info=&#8221;{}&#8221;][et_pb_column type=&#8221;1_3&#8243; _builder_version=&#8221;4.23.4&#8243; _module_preset=&#8221;default&#8221; background_color=&#8221;#FFFFFF&#8221; custom_padding=&#8221;2%|2%|2%|2%|false|false&#8221; box_shadow_style=&#8221;preset3&#8243; global_colors_info=&#8221;{}&#8221;][et_pb_blurb title=&#8221;E-Learning&#8221; use_icon=&#8221;on&#8221; font_icon=&#8221;&#xf109;||fa||900&#8243; icon_color=&#8221;#7f3803&#8243; image_icon_background_color=&#8221;RGBA(255,255,255,0)&#8221; image_icon_width=&#8221;34px&#8221; icon_alignment=&#8221;left&#8221; _builder_version=&#8221;4.23.4&#8243; _module_preset=&#8221;default&#8221; body_text_color=&#8221;#000000&#8243; custom_margin=&#8221;2px||4px||false|false&#8221; custom_padding=&#8221;||||false|false&#8221; global_colors_info=&#8221;{}&#8221;]<\/p>\n<p>Jeden Monat wird dir ein neues Videomodul in unserem Online Campus zur Verf\u00fcgung gestellt. So kannst du dir in deinem eigenen Tempo das Hintergrundwissen zu ganzheitlicher emotionaler Transformation aneignen. Au\u00dferdem warten dort vertiefende Bonuslektionen und Vorf\u00fchrungssitzungen zum Selbststudium auf dich.<\/p>\n<p>[\/et_pb_blurb][\/et_pb_column][et_pb_column type=&#8221;1_3&#8243; _builder_version=&#8221;4.16&#8243; _module_preset=&#8221;default&#8221; background_color=&#8221;#FFFFFF&#8221; custom_padding=&#8221;2%|2%|2%|2%|false|false&#8221; box_shadow_style=&#8221;preset3&#8243; global_colors_info=&#8221;{}&#8221;][et_pb_blurb title=&#8221;Austausch &#038; Support&#8221; use_icon=&#8221;on&#8221; font_icon=&#8221;&#xf0c0;||fa||900&#8243; icon_color=&#8221;#7f3803&#8243; image_icon_background_color=&#8221;RGBA(255,255,255,0)&#8221; image_icon_width=&#8221;34px&#8221; icon_alignment=&#8221;left&#8221; _builder_version=&#8221;4.23.4&#8243; _module_preset=&#8221;default&#8221; body_text_color=&#8221;#000000&#8243; custom_margin=&#8221;2px||4px||false|false&#8221; custom_padding=&#8221;||||false|false&#8221; global_colors_info=&#8221;{}&#8221;]<\/p>\n<p>Keine Frage bleibt unbeantwortet. Eine geschlossene Schul-Gruppe im Campus erleichtert den Austausch mit anderen Teilnehmenden und bietet auch die M\u00f6glichkeit zwischendrin Fragen zu stellen.<\/p>\n<p>[\/et_pb_blurb][\/et_pb_column][et_pb_column type=&#8221;1_3&#8243; _builder_version=&#8221;4.16&#8243; _module_preset=&#8221;default&#8221; background_color=&#8221;#FFFFFF&#8221; custom_padding=&#8221;2%|2%|2%|2%|false|false&#8221; box_shadow_style=&#8221;preset3&#8243; global_colors_info=&#8221;{}&#8221;][et_pb_blurb title=&#8221;Supervision&#8221; use_icon=&#8221;on&#8221; font_icon=&#8221;&#xf086;||fa||400&#8243; icon_color=&#8221;#7f3803&#8243; image_icon_background_color=&#8221;RGBA(255,255,255,0)&#8221; image_icon_width=&#8221;34px&#8221; icon_alignment=&#8221;left&#8221; _builder_version=&#8221;4.23.4&#8243; _module_preset=&#8221;default&#8221; body_text_color=&#8221;#000000&#8243; custom_margin=&#8221;2px||4px||false|false&#8221; custom_padding=&#8221;||||false|false&#8221; global_colors_info=&#8221;{}&#8221;]<\/p>\n<p>In den monatlichen Supervisionsabenden k\u00f6nnen Fragen gestellt werden, wir betrachten Fallstudien aus der Praxis, tauschen uns aus und profitieren von Jahrelange Erfahrung aus der t\u00e4glichen Arbeit als spirituelle Therapeutin von Tamar Brosh.<\/p>\n<p>[\/et_pb_blurb][\/et_pb_column][\/et_pb_row][et_pb_row column_structure=&#8221;1_3,1_3,1_3&#8243; make_equal=&#8221;on&#8221; _builder_version=&#8221;4.23.4&#8243; _module_preset=&#8221;default&#8221; custom_padding=&#8221;6px||18px|||&#8221; locked=&#8221;off&#8221; global_colors_info=&#8221;{}&#8221;][et_pb_column type=&#8221;1_3&#8243; _builder_version=&#8221;4.23.4&#8243; _module_preset=&#8221;default&#8221; background_color=&#8221;#FFFFFF&#8221; custom_padding=&#8221;2%|2%|2%|2%|false|false&#8221; box_shadow_style=&#8221;preset3&#8243; global_colors_info=&#8221;{}&#8221;][et_pb_blurb title=&#8221;Systematische Techniken&#8221; use_icon=&#8221;on&#8221; font_icon=&#8221;&#x69;||divi||400&#8243; icon_color=&#8221;#7f3803&#8243; image_icon_background_color=&#8221;RGBA(255,255,255,0)&#8221; image_icon_width=&#8221;34px&#8221; icon_alignment=&#8221;left&#8221; _builder_version=&#8221;4.23.4&#8243; _module_preset=&#8221;default&#8221; body_text_color=&#8221;#000000&#8243; custom_margin=&#8221;2px||4px||false|false&#8221; custom_padding=&#8221;||||false|false&#8221; global_colors_info=&#8221;{}&#8221;]<\/p>\n<p>Du erh\u00e4ltst strukturierte und detaillierte Techniken im PDF-Format und zweisprachig (englisch &amp; deutsch) und ebenso erkl\u00e4rende Pr\u00e4sentationen, die den Aufbau verst\u00e4ndlich machen. So kannst du systematisch und zuverl\u00e4ssig emotionale Ungleichgewichte analysieren und aus erweiterten Bewusstseinszust\u00e4nden transformativ arbeiten.<\/p>\n<p>[\/et_pb_blurb][\/et_pb_column][et_pb_column type=&#8221;1_3&#8243; _builder_version=&#8221;4.16&#8243; _module_preset=&#8221;default&#8221; background_color=&#8221;#FFFFFF&#8221; custom_padding=&#8221;2%|2%|2%|2%|false|false&#8221; box_shadow_style=&#8221;preset3&#8243; global_colors_info=&#8221;{}&#8221;][et_pb_blurb title=&#8221;Praxispartner&#8221; use_icon=&#8221;on&#8221; font_icon=&#8221;&#xe08b;||divi||400&#8243; icon_color=&#8221;#7f3803&#8243; image_icon_background_color=&#8221;RGBA(255,255,255,0)&#8221; image_icon_width=&#8221;34px&#8221; icon_alignment=&#8221;left&#8221; _builder_version=&#8221;4.23.4&#8243; _module_preset=&#8221;default&#8221; body_text_color=&#8221;#000000&#8243; custom_margin=&#8221;2px||4px||false|false&#8221; custom_padding=&#8221;||||false|false&#8221; global_colors_info=&#8221;{}&#8221;]<\/p>\n<p>Die Haupttechniken \u00fcben wir im Verlauf der Ausbildung mit uns zugeteilten Praxispartnern. So vertieft sich unsere transformative Erfahrung und wir sammeln wichtige Erfahrung im Anleiten der Techniken.<\/p>\n<p>[\/et_pb_blurb][\/et_pb_column][et_pb_column type=&#8221;1_3&#8243; _builder_version=&#8221;4.16&#8243; _module_preset=&#8221;default&#8221; background_color=&#8221;#FFFFFF&#8221; custom_padding=&#8221;2%|2%|2%|2%|false|false&#8221; box_shadow_style=&#8221;preset3&#8243; global_colors_info=&#8221;{}&#8221;][et_pb_blurb title=&#8221;Mentorenbegleitung&#8221; use_icon=&#8221;on&#8221; font_icon=&#8221;&#xf005;||fa||400&#8243; icon_color=&#8221;#7f3803&#8243; image_icon_background_color=&#8221;RGBA(255,255,255,0)&#8221; image_icon_width=&#8221;34px&#8221; icon_alignment=&#8221;left&#8221; _builder_version=&#8221;4.23.4&#8243; _module_preset=&#8221;default&#8221; body_text_color=&#8221;#000000&#8243; custom_margin=&#8221;2px||4px||false|false&#8221; custom_padding=&#8221;||||false|false&#8221; global_colors_info=&#8221;{}&#8221;]<\/p>\n<p>Zus\u00e4tzlich zum Programm gehst du durch einen Selbsterfahrungsprozess von 6 Sitzungen mit einem unserer erfahrenen Mentor*innen, um deine transformative Erfahrung zu vertiefen.<\/p>\n<p>[\/et_pb_blurb][\/et_pb_column][\/et_pb_row][et_pb_row _builder_version=&#8221;4.23.4&#8243; _module_preset=&#8221;default&#8221; global_colors_info=&#8221;{}&#8221;][et_pb_column type=&#8221;4_4&#8243; _builder_version=&#8221;4.23.4&#8243; _module_preset=&#8221;default&#8221; global_colors_info=&#8221;{}&#8221;][et_pb_text _builder_version=&#8221;4.26.0&#8243; _module_preset=&#8221;default&#8221; text_text_color=&#8221;#000000&#8243; text_orientation=&#8221;center&#8221; global_colors_info=&#8221;{}&#8221;]<\/p>\n<p>Das Programm ist auf 8 Monate ausgelegt, der hast aber auf alle Inhalte unbegrenzt \u00fcber unseren Online Campus Zugriff.<\/p>\n<p>[\/et_pb_text][\/et_pb_column][\/et_pb_row][\/et_pb_section][et_pb_section fb_built=&#8221;1&#8243; _builder_version=&#8221;4.26.0&#8243; _module_preset=&#8221;default&#8221; background_color=&#8221;#ece3d6&#8243; global_colors_info=&#8221;{}&#8221;][et_pb_row _builder_version=&#8221;4.26.0&#8243; _module_preset=&#8221;default&#8221; global_colors_info=&#8221;{}&#8221;][et_pb_column type=&#8221;4_4&#8243; _builder_version=&#8221;4.26.0&#8243; _module_preset=&#8221;default&#8221; global_colors_info=&#8221;{}&#8221;][et_pb_text _builder_version=&#8221;4.17.3&#8243; _module_preset=&#8221;default&#8221; text_text_color=&#8221;#000000&#8243; header_2_text_align=&#8221;center&#8221; header_2_text_color=&#8221;#161426&#8243; header_2_font_size=&#8221;37px&#8221; header_4_text_color=&#8221;#7f3803&#8243; text_orientation=&#8221;center&#8221; custom_margin=&#8221;18px|||||&#8221; global_colors_info=&#8221;{}&#8221;]<\/p>\n<h4><strong>DAS ERWARTET DICH<\/strong><\/h4>\n<h2>Die Ausbildungsinhalte<\/h2>\n<p>[\/et_pb_text][et_pb_text _builder_version=&#8221;4.17.3&#8243; _module_preset=&#8221;default&#8221; global_colors_info=&#8221;{}&#8221;]<\/p>\n<p style=\"text-align: center;\">Die Online-Module mit umfassenden Vortr\u00e4gen und detaillierten Techniken, gepaart mit den live-Supervisionsabenden, monatlichen Praxispartnern und Mentoren-Begleitung, bilden die ideale Grundlage f\u00fcr einen tiefgehenden Selbsterfahrungsprozess und um dich auf ein Wirken als professioneller Transformationscoach vorzubereiten.<\/p>\n<p>[\/et_pb_text][\/et_pb_column][\/et_pb_row][et_pb_row _builder_version=&#8221;4.26.0&#8243; _module_preset=&#8221;default&#8221; global_colors_info=&#8221;{}&#8221;][et_pb_column type=&#8221;4_4&#8243; _builder_version=&#8221;4.26.0&#8243; _module_preset=&#8221;default&#8221; global_colors_info=&#8221;{}&#8221;][dnxte_timeline timeline_bar_color=&#8221;#9d6d3f&#8221; _builder_version=&#8221;4.26.0&#8243; _module_preset=&#8221;default&#8221; identifier_text_color=&#8221;#000000&#8243; global_colors_info=&#8221;{}&#8221;][dnxte_timeline_child timeline_title=&#8221;Chakrenpsychologie&#8221; timeline_content=&#8221;<\/p>\n<p>Wir beginnen bei der besten Landkarte unserer Emotionen: Dem Chakrensystem. Wir lernen auf das Basis der Chakrenpsychologie die sieben Ebenen der Emotionen ihrer Transformation kennen. Du wirst schnell lernen, die Quelle verschiedner Emotionaler Zust\u00e4nde zu identifizieren und durch Praktiken wie \u201eChakrenreflexion\u201c und Chakren-Expansion emotionaler Ungleichgewichte zu analysieren und zu transformieren.<\/p>\n<p>&#8221; timeline_use_image=&#8221;off&#8221; timeline_use_icon=&#8221;off&#8221; timeline_date=&#8221;Modul 1-2&#8243; timeline_use_button=&#8221;off&#8221; timeline_icon_size=&#8221;14px&#8221; timeline_bg_color=&#8221;#FFFFFF&#8221; icon_bg_color=&#8221;#9d6d3f&#8221; _builder_version=&#8221;4.26.0&#8243; _module_preset=&#8221;default&#8221; global_colors_info=&#8221;{}&#8221;][\/dnxte_timeline_child][dnxte_timeline_child timeline_title=&#8221;Pers\u00f6nlichkeitstypen&#8221; timeline_content=&#8221;<\/p>\n<p>Wir lernen emotionale Hauptthemen, Bed\u00fcrfnisse und auch Schatten verschiedener Pers\u00f6nlichkeitstypen kennen. Dieses Verst\u00e4ndnis erlaubt es uns individuellere Transformationsprozesse zu kreieren. Wir werden den analytischen Prozess des Erkennens des Pers\u00f6nlichkeitstyps und der Enth\u00fcllung des wichtigsten Lebensthemas erlernen. Dar\u00fcber hinaus werden wir Praktiken zum L\u00f6sen und Transformieren von Lebensthemen jedes Pers\u00f6nlichkeitstyps durchlaufen.<\/p>\n<p>&#8221; timeline_use_image=&#8221;off&#8221; timeline_use_icon=&#8221;off&#8221; timeline_date=&#8221;Modul 3&#8243; timeline_use_button=&#8221;off&#8221; timeline_icon_size=&#8221;14px&#8221; timeline_bg_color=&#8221;#FFFFFF&#8221; icon_bg_color=&#8221;#9d6d3f&#8221; _builder_version=&#8221;4.26.0&#8243; _module_preset=&#8221;default&#8221; global_colors_info=&#8221;{}&#8221;][\/dnxte_timeline_child][dnxte_timeline_child timeline_title=&#8221;Power Psychologie&#8221; timeline_content=&#8221;<\/p>\n<p>Die Power Psychology erm\u00f6glicht es uns, endlich die verborgenen Kr\u00e4fte hinter unseren Emotionen zu erfassen, und enth\u00e4lt den Schl\u00fcssel zu tiefer psychischer Gesundheit: Einem Zustand <b><strong>wahrer innerer Kraft. <\/strong><\/b>Wir erlernen eine Kerntechnik, um unsere <b><i><em><strong>Lebensgeschichte<\/strong><\/em><\/i><strong> <\/strong><\/b>zu transformieren &#8211; von einer Erz\u00e4hlung der Schw\u00e4che &#8211; hin zu einer Perspektive der Kraft, Selbstverantwortung und des Wachstums. Die Transformation der <i><em>Opferidentit\u00e4t<\/em><\/i> ist eine Grundlage f\u00fcr einen erfolgreichen Transformationsprozess.<\/p>\n<p>&#8221; timeline_use_image=&#8221;off&#8221; timeline_use_icon=&#8221;off&#8221; timeline_date=&#8221;Modul 4-5&#8243; timeline_use_button=&#8221;off&#8221; timeline_icon_size=&#8221;14px&#8221; timeline_bg_color=&#8221;#FFFFFF&#8221; icon_bg_color=&#8221;#9d6d3f&#8221; _builder_version=&#8221;4.26.0&#8243; _module_preset=&#8221;default&#8221; global_colors_info=&#8221;{}&#8221;][\/dnxte_timeline_child][dnxte_timeline_child timeline_title=&#8221;Expansions-Methode &#8221; timeline_content=&#8221;<\/p>\n<p>In diesem Modul wenden wir uns intensiv der Expansions-Methode als dem ultimativen Werkzeug der emotionalen Transformation zu. Die erweiterten Bewusstseinszust\u00e4nde, in die uns die Expansions-Methode zuverl\u00e4ssig f\u00fchrt, erm\u00f6glichen Emotionen an der Wurzel zu transformieren. Grundlegende Techniken erlauben uns negative Emotionen, emotionale Bed\u00fcrfnisse, Erinnerungen und auch Traumata zu transformieren.<\/p>\n<p>&#8221; timeline_use_image=&#8221;off&#8221; timeline_use_icon=&#8221;off&#8221; timeline_date=&#8221;Modul 6-7&#8243; timeline_use_button=&#8221;off&#8221; timeline_icon_size=&#8221;14px&#8221; timeline_bg_color=&#8221;#FFFFFF&#8221; icon_bg_color=&#8221;#9d6d3f&#8221; _builder_version=&#8221;4.26.0&#8243; _module_preset=&#8221;default&#8221; global_colors_info=&#8221;{}&#8221;][\/dnxte_timeline_child][dnxte_timeline_child timeline_title=&#8221;Die Kraft des Herzens&#8221; timeline_content=&#8221;<\/p>\n<p>Die Kraft des Herzens ist auch die endg\u00fcltige Erf\u00fcllung der emotionalen Reise eines jeden Menschen. Emotionale Resilienz und wahre innere Kraft sind die Basis, f\u00fcr ein bedingungslos offenes Herz. Wir werden auch das Herz als das Sinnzentrum erforschen \u2013 das Zentrum, in dem wir den Sinn des Lebens erkennen und verwirklichen. Dies f\u00fchrt uns zum tiefsten Ursprung unserer Emotionen, und dem Erkennen ihrer bedeutenden Rolle in unserem Leben und bei der Manifestation unserer menschlichen Gr\u00f6\u00dfe.<\/p>\n<p>&#8221; timeline_use_image=&#8221;off&#8221; timeline_use_icon=&#8221;off&#8221; timeline_date=&#8221;Modul 8&#8243; timeline_use_button=&#8221;off&#8221; timeline_icon_size=&#8221;14px&#8221; timeline_bg_color=&#8221;#FFFFFF&#8221; icon_bg_color=&#8221;#9d6d3f&#8221; _builder_version=&#8221;4.26.0&#8243; _module_preset=&#8221;default&#8221; global_colors_info=&#8221;{}&#8221;][\/dnxte_timeline_child][\/dnxte_timeline][\/et_pb_column][\/et_pb_row][\/et_pb_section][et_pb_section fb_built=&#8221;1&#8243; _builder_version=&#8221;4.26.0&#8243; _module_preset=&#8221;default&#8221; background_color=&#8221;#DCCCB3&#8243; top_divider_color=&#8221;#FFFFFF&#8221; top_divider_flip=&#8221;vertical&#8221; global_colors_info=&#8221;{}&#8221;][et_pb_row _builder_version=&#8221;4.16&#8243; _module_preset=&#8221;default&#8221; global_colors_info=&#8221;{}&#8221;][et_pb_column type=&#8221;4_4&#8243; _builder_version=&#8221;4.16&#8243; _module_preset=&#8221;default&#8221; global_colors_info=&#8221;{}&#8221;][et_pb_text _builder_version=&#8221;4.16&#8243; _module_preset=&#8221;default&#8221; text_text_color=&#8221;#000000&#8243; header_2_text_align=&#8221;center&#8221; header_2_text_color=&#8221;#161426&#8243; header_2_font_size=&#8221;37px&#8221; header_4_text_color=&#8221;#7f3803&#8243; text_orientation=&#8221;center&#8221; custom_margin=&#8221;18px|||||&#8221; global_colors_info=&#8221;{}&#8221;]<\/p>\n<h4><strong>FEEDBACK<\/strong><\/h4>\n<h2><span style=\"font-size: 37px;\">Das sagen begeisterte Teilnehmer*innen<\/span><\/h2>\n<p>[\/et_pb_text][\/et_pb_column][\/et_pb_row][et_pb_row column_structure=&#8221;1_2,1_2&#8243; _builder_version=&#8221;4.17.4&#8243; _module_preset=&#8221;default&#8221; background_color=&#8221;#FFFFFF&#8221; custom_margin=&#8221;||25px||false|false&#8221; custom_padding=&#8221;|20px|0px|20px|false|true&#8221; box_shadow_style=&#8221;preset1&#8243; global_colors_info=&#8221;{}&#8221;][et_pb_column type=&#8221;1_2&#8243; _builder_version=&#8221;4.16&#8243; _module_preset=&#8221;default&#8221; global_colors_info=&#8221;{}&#8221;][et_pb_video src=&#8221;https:\/\/vimeo.com\/693526942\/0f0f57e350&#8243; _builder_version=&#8221;4.17.3&#8243; _module_preset=&#8221;default&#8221; global_colors_info=&#8221;{}&#8221;][\/et_pb_video][\/et_pb_column][et_pb_column type=&#8221;1_2&#8243; _builder_version=&#8221;4.16&#8243; _module_preset=&#8221;default&#8221; global_colors_info=&#8221;{}&#8221;][et_pb_testimonial author=&#8221;Franziska Schneider&#8221; job_title=&#8221;Transformationscoach, Webdesignerin&#8221; quote_icon_color=&#8221;#8b6442&#8243; quote_icon_background_color=&#8221;RGBA(255,255,255,0)&#8221; font_icon=&#8221;&#x7b;||divi||400&#8243; use_icon_font_size=&#8221;on&#8221; icon_font_size=&#8221;63px&#8221; _builder_version=&#8221;4.17.3&#8243; _module_preset=&#8221;default&#8221; author_text_color=&#8221;#8b6442&#8243; background_color=&#8221;#FFFFFF&#8221; global_colors_info=&#8221;{}&#8221;]<\/p>\n<p>\u201eIch kann garnicht genau in Worte fassen wie tief das Teaching von Shai Tubali geht und wie sehr es mich und mein Leben verwandelt und unterst\u00fctzt hat.<\/p>\n<p>Ich kann seine Programm jedem empfehlen, der an tiefergreifender, allumfassender Transformation und Pers\u00f6nlichkeitsentfaltung interessiert ist.\u201c<\/p>\n<p>[\/et_pb_testimonial][\/et_pb_column][\/et_pb_row][et_pb_row column_structure=&#8221;1_2,1_2&#8243; _builder_version=&#8221;4.17.4&#8243; _module_preset=&#8221;default&#8221; background_color=&#8221;#FFFFFF&#8221; custom_margin=&#8221;||25px||false|false&#8221; custom_padding=&#8221;|20px|0px|20px|false|true&#8221; box_shadow_style=&#8221;preset1&#8243; global_colors_info=&#8221;{}&#8221;][et_pb_column type=&#8221;1_2&#8243; _builder_version=&#8221;4.16&#8243; _module_preset=&#8221;default&#8221; global_colors_info=&#8221;{}&#8221;][et_pb_video src=&#8221;https:\/\/vimeo.com\/715184811\/574b1eabd5&#8243; _builder_version=&#8221;4.17.4&#8243; _module_preset=&#8221;default&#8221; global_colors_info=&#8221;{}&#8221;][\/et_pb_video][\/et_pb_column][et_pb_column type=&#8221;1_2&#8243; _builder_version=&#8221;4.16&#8243; _module_preset=&#8221;default&#8221; global_colors_info=&#8221;{}&#8221;][et_pb_testimonial author=&#8221;Max Schwindt&#8221; job_title=&#8221;Ingenieur, Transformationscoach&#8221; quote_icon_color=&#8221;#8b6442&#8243; quote_icon_background_color=&#8221;RGBA(255,255,255,0)&#8221; font_icon=&#8221;&#x7b;||divi||400&#8243; use_icon_font_size=&#8221;on&#8221; icon_font_size=&#8221;63px&#8221; _builder_version=&#8221;4.17.4&#8243; _module_preset=&#8221;default&#8221; author_text_color=&#8221;#8b6442&#8243; background_color=&#8221;#FFFFFF&#8221; global_colors_info=&#8221;{}&#8221;]<\/p>\n<p>&#8220;F\u00fcr mich hat sich eine neue T\u00fcr ge\u00f6ffnet, in der ich mehr Kraft habe und meine Energie gezielt einsetze und nicht einfach nur in Emotionen verschwende, die ich vorher falsch verstanden habe. Gleichzeitig kann ich jetzt Klienten und Freunde auch auf diesem Weg begleiten, reinzusp\u00fcren und diese innere Weisheit zu entdecken, die in uns allen steckt. An einem Punkt habe ich mich gefragt: Warum habe ich nicht schon fr\u00fcher davon erfahren? Warum habe ich das nicht schon viel fr\u00fcher gemacht? Denn ich glaube das ist die Grundlage um wirklich zu verstehen, was es hei\u00dft Mensch zu sein.&#8221;<\/p>\n<p>[\/et_pb_testimonial][\/et_pb_column][\/et_pb_row][et_pb_row column_structure=&#8221;1_2,1_2&#8243; _builder_version=&#8221;4.17.4&#8243; _module_preset=&#8221;default&#8221; background_color=&#8221;#FFFFFF&#8221; custom_margin=&#8221;||25px||false|false&#8221; custom_padding=&#8221;|20px|2px|20px|false|true&#8221; box_shadow_style=&#8221;preset1&#8243; global_colors_info=&#8221;{}&#8221;][et_pb_column type=&#8221;1_2&#8243; _builder_version=&#8221;4.16&#8243; _module_preset=&#8221;default&#8221; global_colors_info=&#8221;{}&#8221;][et_pb_video src=&#8221;https:\/\/vimeo.com\/692875453\/28ceb375b6&#8243; _builder_version=&#8221;4.17.3&#8243; _module_preset=&#8221;default&#8221; global_colors_info=&#8221;{}&#8221;][\/et_pb_video][\/et_pb_column][et_pb_column type=&#8221;1_2&#8243; _builder_version=&#8221;4.16&#8243; _module_preset=&#8221;default&#8221; global_colors_info=&#8221;{}&#8221;][et_pb_testimonial author=&#8221;Natalie Lenz&#8221; quote_icon_color=&#8221;#8b6442&#8243; quote_icon_background_color=&#8221;RGBA(255,255,255,0)&#8221; font_icon=&#8221;&#x7b;||divi||400&#8243; use_icon_font_size=&#8221;on&#8221; icon_font_size=&#8221;63px&#8221; _builder_version=&#8221;4.17.3&#8243; _module_preset=&#8221;default&#8221; author_text_color=&#8221;#8b6442&#8243; background_color=&#8221;#FFFFFF&#8221; global_colors_info=&#8221;{}&#8221;]<\/p>\n<p>&#8220;Ich habe schon viel verschiedene Ausbildungen im spirituellen Bereich gemacht, aber keine der bisherigen konnte diese tiefen, nachhaltigen Ver\u00e4nderungen in mir etablieren wie die Schule der emotionalen Transformation. Diese Schule ist eine perfekte Mischung aus Lehre, tiefen Einsichten und transformatorischen Prozessen. Sie hilft enorm dabei, ein tieferes Verst\u00e4ndnis f\u00fcr unsere Menschlichkeit zu entwickeln, die Superman-Kraft des Bewusstseins zu verstehen und echte Ver\u00e4nderungen im Sein zu erreichen. Ich habe so etwas vorher noch nie erlebt! Diese Schule leistet einen wichtigen Beitrag f\u00fcr das Wachstum und die Reifung der Menschheit.&#8221;<\/p>\n<p>[\/et_pb_testimonial][\/et_pb_column][\/et_pb_row][et_pb_row column_structure=&#8221;1_2,1_2&#8243; _builder_version=&#8221;4.17.4&#8243; _module_preset=&#8221;default&#8221; background_color=&#8221;#FFFFFF&#8221; custom_margin=&#8221;||25px||false|false&#8221; custom_padding=&#8221;|20px|2px|20px|false|true&#8221; box_shadow_style=&#8221;preset1&#8243; global_colors_info=&#8221;{}&#8221;][et_pb_column type=&#8221;1_2&#8243; _builder_version=&#8221;4.16&#8243; _module_preset=&#8221;default&#8221; global_colors_info=&#8221;{}&#8221;][et_pb_video src=&#8221;https:\/\/vimeo.com\/715207396\/6f7ec7f768&#8243; _builder_version=&#8221;4.17.4&#8243; _module_preset=&#8221;default&#8221; global_colors_info=&#8221;{}&#8221;][\/et_pb_video][\/et_pb_column][et_pb_column type=&#8221;1_2&#8243; _builder_version=&#8221;4.16&#8243; _module_preset=&#8221;default&#8221; global_colors_info=&#8221;{}&#8221;][et_pb_testimonial author=&#8221;Tobias Fricke&#8221; quote_icon_color=&#8221;#8b6442&#8243; quote_icon_background_color=&#8221;RGBA(255,255,255,0)&#8221; font_icon=&#8221;&#x7b;||divi||400&#8243; use_icon_font_size=&#8221;on&#8221; icon_font_size=&#8221;63px&#8221; _builder_version=&#8221;4.17.3&#8243; _module_preset=&#8221;default&#8221; author_text_color=&#8221;#8b6442&#8243; background_color=&#8221;#FFFFFF&#8221; global_colors_info=&#8221;{}&#8221;]<\/p>\n<p>&#8220;Ich habe gelernt mich selbst sehr viel besser zu verstehen, ebenso wie andere Menschen. Und speziell die Expansion ist eine sehr kraftvolle Methode, um tief ins Unterbewusstsein zu kommen. Damit konnte ich nochmals v\u00f6llig bewusst in eine traumatische Erfahrung reingehen, sehen was f\u00fcr limitierte Glaubenss\u00e4tze in dieser Erfahrung entstanden sind und aus der meditativen Weite konnte ich einen anderen Blick auf die Dinge werfen und sie auch mit mehr Bewusstsein f\u00fcllen. Ich bin sehr dankbar diesen Prozess mitgemacht zu haben.&#8221;<\/p>\n<p>[\/et_pb_testimonial][\/et_pb_column][\/et_pb_row][et_pb_row column_structure=&#8221;1_2,1_2&#8243; _builder_version=&#8221;4.17.4&#8243; _module_preset=&#8221;default&#8221; background_color=&#8221;#FFFFFF&#8221; custom_margin=&#8221;||25px||false|false&#8221; custom_padding=&#8221;|20px|0px|20px|false|true&#8221; box_shadow_style=&#8221;preset1&#8243; global_colors_info=&#8221;{}&#8221;][et_pb_column type=&#8221;1_2&#8243; _builder_version=&#8221;4.16&#8243; _module_preset=&#8221;default&#8221; global_colors_info=&#8221;{}&#8221;][et_pb_video src=&#8221;https:\/\/vimeo.com\/700238999&#8243; _builder_version=&#8221;4.17.3&#8243; _module_preset=&#8221;default&#8221; global_colors_info=&#8221;{}&#8221;][\/et_pb_video][\/et_pb_column][et_pb_column type=&#8221;1_2&#8243; _builder_version=&#8221;4.16&#8243; _module_preset=&#8221;default&#8221; global_colors_info=&#8221;{}&#8221;][et_pb_testimonial author=&#8221;Dr. Bettina Preney&#8221; job_title=&#8221;Literaturwissenschaftlerin&#8221; quote_icon_color=&#8221;#fbca06&#8243; quote_icon_background_color=&#8221;RGBA(255,255,255,0)&#8221; font_icon=&#8221;&#x7b;||divi||400&#8243; use_icon_font_size=&#8221;on&#8221; icon_font_size=&#8221;63px&#8221; _builder_version=&#8221;4.17.3&#8243; _module_preset=&#8221;default&#8221; author_text_color=&#8221;#7f3803&#8243; background_color=&#8221;#FFFFFF&#8221; global_colors_info=&#8221;{}&#8221;]<\/p>\n<p><span>&#8220;Dieses Programm ist absolut wunderbar\u00a0 und so \u00fcberzeugend in den Resultaten,\u00a0 dass ich\u00a0 sicher bin, dass Shai Tubali&#8217;s Expansions-Methode auf der ganzen\u00a0 Welt bekannt werden wird &#8211; und so zu tiefgreifender Heilung der Menschen und der Welt f\u00fchren kann.\u00a0 Auch Tamar Brosh tr\u00e4gt mit ihren ausgezeichneten Supervisionsabenden zu dieser notwendigen Entwicklung bei. Ich kann die Schule emotionaler Transformation aus voller \u00fcberzeugung empfehlen.&#8221;<\/span><\/p>\n<p>[\/et_pb_testimonial][\/et_pb_column][\/et_pb_row][et_pb_row column_structure=&#8221;1_4,3_4&#8243; use_custom_gutter=&#8221;on&#8221; gutter_width=&#8221;2&#8243; _builder_version=&#8221;4.19.0&#8243; _module_preset=&#8221;default&#8221; custom_margin=&#8221;||||false&#8221; border_width_bottom=&#8221;1px&#8221; border_color_bottom=&#8221;#FFFFFF&#8221; locked=&#8221;off&#8221; global_colors_info=&#8221;{}&#8221;][et_pb_column type=&#8221;1_4&#8243; _builder_version=&#8221;4.19.0&#8243; _module_preset=&#8221;default&#8221; global_colors_info=&#8221;{}&#8221;][et_pb_image src=&#8221;https:\/\/go.shaitubali.com\/wp-content\/uploads\/2022\/05\/LilianeMeier-Yoga.jpg&#8221; title_text=&#8221;LilianeMeier-Yoga&#8221; align=&#8221;center&#8221; _builder_version=&#8221;4.19.0&#8243; _module_preset=&#8221;default&#8221; width=&#8221;50%&#8221; border_radii=&#8221;on|25vw|25vw|25vw|25vw&#8221; global_colors_info=&#8221;{}&#8221;][\/et_pb_image][et_pb_text _builder_version=&#8221;4.19.0&#8243; _module_preset=&#8221;default&#8221; text_font=&#8221;TT Norms Medium||||||||&#8221; text_text_color=&#8221;#FFFFFF&#8221; text_font_size=&#8221;14px&#8221; text_line_height=&#8221;1.3em&#8221; header_font=&#8221;TT Norms Medium||||||||&#8221; header_3_font=&#8221;TT Norms Medium|300||on|||||&#8221; header_3_text_align=&#8221;center&#8221; header_3_text_color=&#8221;#FFFFFF&#8221; header_3_font_size=&#8221;19px&#8221; header_3_letter_spacing=&#8221;1px&#8221; text_orientation=&#8221;center&#8221; global_colors_info=&#8221;{}&#8221;]<\/p>\n<h3>Liliane Meier<\/h3>\n<p>Yogalehrerin<\/p>\n<p>[\/et_pb_text][\/et_pb_column][et_pb_column type=&#8221;3_4&#8243; _builder_version=&#8221;4.19.0&#8243; _module_preset=&#8221;default&#8221; global_colors_info=&#8221;{}&#8221;][et_pb_toggle title=&#8221;%22Mein pers\u00f6nlicher Transformationsprozess war eine immense \u00d6ffnung zur inneren Quelle.%22&#8243; open_toggle_text_color=&#8221;#FFFFFF&#8221; open_toggle_background_color=&#8221;rgba(0,0,0,0)&#8221; closed_toggle_background_color=&#8221;RGBA(255,255,255,0)&#8221; icon_color=&#8221;#FFFFFF&#8221; toggle_icon=&#8221;&#x3b;||divi||400&#8243; use_icon_font_size=&#8221;on&#8221; icon_font_size=&#8221;36px&#8221; open_icon_color=&#8221;#FFFFFF&#8221; open_toggle_icon=&#8221;&#x3a;||divi||400&#8243; open_use_icon_font_size=&#8221;on&#8221; open_icon_font_size=&#8221;36px&#8221; _builder_version=&#8221;4.19.0&#8243; _module_preset=&#8221;default&#8221; title_text_color=&#8221;#FFFFFF&#8221; title_font_size=&#8221;30px&#8221; title_line_height=&#8221;1.1em&#8221; body_text_color=&#8221;#FFFFFF&#8221; border_width_all=&#8221;0px&#8221; global_colors_info=&#8221;{}&#8221;]<\/p>\n<p>\u201eF\u00fcr mich war der pers\u00f6nliche Transformationsprozess sehr heilsam. Das Verst\u00e4ndnis, was Traumata sind, wie sie entstehen und durch die Ausdehnung geheilt werden k\u00f6nnen hat mich in meinem Prozess des Wachsens und Seelenheilens sehr unterst\u00fctzt. In meiner Arbeit als Yogalehrerin und nat\u00fcrlich auch bei mir sehe ich sehr deutlich wo die Traumata im K\u00f6rper festgesetzt sind. Diese Kombination von Heilung durch Bewegung und der Ausdehnung ist f\u00fcr mich pers\u00f6nlich der optimale Heilungsprozess. Am schwierigsten fand ich pers\u00f6nlich das Heilen der ganz alten \u00abWunden\u00bb. Da habe ich gesp\u00fcrt, wie lange Zeit dies brauchen kann um wirklich zu heilen. Ergo, mein pers\u00f6nlicher Transformationsprozess war eine immense \u00d6ffnung zur inneren Quelle.<\/p>\n<p>Diese Verbundenheit, von der ich jederzeit sch\u00f6pfen kann um zu geben, das ist wohl das heiligste was ich erkannt habe.<br \/>Ich habe so viel Frieden in meinem Sein erfahren, dass Emotionen nicht mehr so viel Raum einnehmen. Ich reagiere viel ruhiger und klarer, wenn vom Au\u00dfen ein Sturm einbricht. Entscheidungen basieren nicht mehr auf Grund des gekr\u00e4nkten Egos, sondern im Mitgef\u00fchl und Frieden.<br \/>Ich w\u00fcrde dieses Training definitiv weiterempfehlen. Dieses Training ist ein Schl\u00fcssel und es gibt wohl niemand der\/die diese Art von Heilung nicht brauchen k\u00f6nnte. Speziell jetzt in dieser Zeit, wo ein globales Erwachen im Gange ist.\u201c<\/p>\n<p>[\/et_pb_toggle][\/et_pb_column][\/et_pb_row][et_pb_row column_structure=&#8221;1_4,3_4&#8243; use_custom_gutter=&#8221;on&#8221; gutter_width=&#8221;2&#8243; _builder_version=&#8221;4.19.0&#8243; _module_preset=&#8221;default&#8221; custom_margin=&#8221;||||false&#8221; border_width_bottom=&#8221;1px&#8221; border_color_bottom=&#8221;#FFFFFF&#8221; locked=&#8221;off&#8221; global_colors_info=&#8221;{}&#8221;][et_pb_column type=&#8221;1_4&#8243; _builder_version=&#8221;4.19.0&#8243; _module_preset=&#8221;default&#8221; global_colors_info=&#8221;{}&#8221;][et_pb_image src=&#8221;https:\/\/go.shaitubali.com\/wp-content\/uploads\/2022\/05\/Ines-Molle.jpg&#8221; title_text=&#8221;Ines-Molle&#8221; align=&#8221;center&#8221; _builder_version=&#8221;4.19.0&#8243; _module_preset=&#8221;default&#8221; width=&#8221;50%&#8221; border_radii=&#8221;on|25vw|25vw|25vw|25vw&#8221; global_colors_info=&#8221;{}&#8221;][\/et_pb_image][et_pb_text _builder_version=&#8221;4.19.5&#8243; _module_preset=&#8221;default&#8221; text_font=&#8221;TT Norms Medium||||||||&#8221; text_text_color=&#8221;#FFFFFF&#8221; text_font_size=&#8221;14px&#8221; text_line_height=&#8221;1.3em&#8221; header_font=&#8221;TT Norms Medium||||||||&#8221; header_3_font=&#8221;TT Norms Medium|300||on|||||&#8221; header_3_text_align=&#8221;center&#8221; header_3_text_color=&#8221;#FFFFFF&#8221; header_3_font_size=&#8221;19px&#8221; header_3_letter_spacing=&#8221;1px&#8221; text_orientation=&#8221;center&#8221; global_colors_info=&#8221;{}&#8221;]<\/p>\n<h3>Ines Molle<\/h3>\n<p>Psychotherapeutin<\/p>\n<p>[\/et_pb_text][\/et_pb_column][et_pb_column type=&#8221;3_4&#8243; _builder_version=&#8221;4.19.0&#8243; _module_preset=&#8221;default&#8221; global_colors_info=&#8221;{}&#8221;][et_pb_toggle title=&#8221;%22Ich bin sehr \u00fcberzeugt von der enormen Wirksamkeit und Sch\u00f6nheit dieser Art, Menschen in Heilungs- und Reifungsprozessen zu begleiten und zu unterst\u00fctzen%22&#8243; open_toggle_text_color=&#8221;#FFFFFF&#8221; open_toggle_background_color=&#8221;rgba(0,0,0,0)&#8221; closed_toggle_background_color=&#8221;RGBA(255,255,255,0)&#8221; icon_color=&#8221;#FFFFFF&#8221; toggle_icon=&#8221;&#x3b;||divi||400&#8243; use_icon_font_size=&#8221;on&#8221; icon_font_size=&#8221;36px&#8221; open_icon_color=&#8221;#FFFFFF&#8221; open_toggle_icon=&#8221;&#x3a;||divi||400&#8243; open_use_icon_font_size=&#8221;on&#8221; open_icon_font_size=&#8221;36px&#8221; _builder_version=&#8221;4.19.5&#8243; _module_preset=&#8221;default&#8221; title_text_color=&#8221;#FFFFFF&#8221; title_font_size=&#8221;30px&#8221; title_line_height=&#8221;1.1em&#8221; body_text_color=&#8221;#FFFFFF&#8221; border_width_all=&#8221;0px&#8221; global_colors_info=&#8221;{}&#8221;]\u201eSicher ist, dass ich die Techniken zunehmend in meine Arbeit als Psychotherapeutin integriere. Ich arbeite schon relativ viel damit und bin sehr \u00fcberzeugt von der enormen Wirksamkeit und der Sch\u00f6nheit dieser Art, Menschen bei Heilungs- und Reifungsprozessen zu begleiten und zu unterst\u00fctzen. Die bisherigen Erfahrungen haben auch gezeigt, dass die Patient*innen, mit denen ich schon damit gearbeitet habe, wieder danach fragen. Sie sind auch dankbar, dass sie einen Ort gefunden haben, an dem neben psychischer Entwicklung und Reifung auch spirituelle Prozesse stattfinden k\u00f6nnen.<\/p>\n<p>Ja, ich empfehle dieses Training! Es birgt so viel Potential zur Transformation unbewusster und tief vergrabener \u00c4ngste, Muster und Glaubenss\u00e4tze, die mit dem Verstand, dem Denken und der Sprache nicht erreichbar sind. Mit Hilfe der Weisheit des K\u00f6rpers und des Chakrensystems, das durch die sehr gut strukturierten Anleitungen zum Ausdruck kommen kann, k\u00f6nnen tief verwurzelte und eingepr\u00e4gte Muster und selbst Traumata aufgel\u00f6st werden. Damit wird ein unsch\u00e4tzbarer Beitrag zur emotionalen und psychischen Reifung geleistet.<\/p>\n<p>Die Ausdehnung und \u00d6ffnung des Chakrensystems und schlie\u00dflich des Herzens selbst erm\u00f6glicht es, die Angst vollst\u00e4ndig zu \u00fcberwinden und frei und von ganzem Herzen zu lieben und zu leben. Gleichzeitig sind die Methoden des Trainings auch f\u00fcr Selbstanwender entwickelt und geeignet, so dass am Ende gar keine Therapeut*innen oder sonstige Expert*innen mehr ben\u00f6tigt werden.<\/p>\n<p>Ein wunderbares Werkzeug, um Unabh\u00e4ngigkeit und innere Freiheit zu entwickeln!\u201c[\/et_pb_toggle][\/et_pb_column][\/et_pb_row][et_pb_row column_structure=&#8221;1_4,3_4&#8243; use_custom_gutter=&#8221;on&#8221; gutter_width=&#8221;2&#8243; _builder_version=&#8221;4.19.0&#8243; _module_preset=&#8221;default&#8221; custom_margin=&#8221;||||false&#8221; border_width_bottom=&#8221;1px&#8221; border_color_bottom=&#8221;#FFFFFF&#8221; locked=&#8221;off&#8221; global_colors_info=&#8221;{}&#8221;][et_pb_column type=&#8221;1_4&#8243; _builder_version=&#8221;4.19.0&#8243; _module_preset=&#8221;default&#8221; global_colors_info=&#8221;{}&#8221;][et_pb_image src=&#8221;https:\/\/go.shaitubali.com\/wp-content\/uploads\/2022\/05\/Nadja-Moeck.jpg&#8221; alt=&#8221;Nadja M\u00f6ck&#8221; title_text=&#8221;Nadja Moeck&#8221; align=&#8221;center&#8221; _builder_version=&#8221;4.20.2&#8243; _module_preset=&#8221;default&#8221; width=&#8221;50%&#8221; border_radii=&#8221;on|25vw|25vw|25vw|25vw&#8221; global_colors_info=&#8221;{}&#8221;][\/et_pb_image][et_pb_text _builder_version=&#8221;4.20.2&#8243; _module_preset=&#8221;default&#8221; text_font=&#8221;TT Norms Medium||||||||&#8221; text_text_color=&#8221;#FFFFFF&#8221; text_font_size=&#8221;14px&#8221; text_line_height=&#8221;1.3em&#8221; header_font=&#8221;TT Norms Medium||||||||&#8221; header_3_font=&#8221;TT Norms Medium|300||on|||||&#8221; header_3_text_align=&#8221;center&#8221; header_3_text_color=&#8221;#FFFFFF&#8221; header_3_font_size=&#8221;19px&#8221; header_3_letter_spacing=&#8221;1px&#8221; text_orientation=&#8221;center&#8221; global_colors_info=&#8221;{}&#8221;]<\/p>\n<h3>Nadja M\u00f6ck<\/h3>\n<p>&nbsp;<\/p>\n<p>[\/et_pb_text][\/et_pb_column][et_pb_column type=&#8221;3_4&#8243; _builder_version=&#8221;4.19.0&#8243; _module_preset=&#8221;default&#8221; global_colors_info=&#8221;{}&#8221;][et_pb_toggle title=&#8221;%22Ich habe schon viele Ausbildungen gemacht, aber keine war so tiefgreifend und umfassend.%22&#8243; open_toggle_text_color=&#8221;#FFFFFF&#8221; open_toggle_background_color=&#8221;rgba(0,0,0,0)&#8221; closed_toggle_background_color=&#8221;RGBA(255,255,255,0)&#8221; icon_color=&#8221;#FFFFFF&#8221; toggle_icon=&#8221;&#x3b;||divi||400&#8243; use_icon_font_size=&#8221;on&#8221; icon_font_size=&#8221;36px&#8221; open_icon_color=&#8221;#FFFFFF&#8221; open_toggle_icon=&#8221;&#x3a;||divi||400&#8243; open_use_icon_font_size=&#8221;on&#8221; open_icon_font_size=&#8221;36px&#8221; _builder_version=&#8221;4.20.2&#8243; _module_preset=&#8221;default&#8221; title_text_color=&#8221;#FFFFFF&#8221; title_font_size=&#8221;30px&#8221; title_line_height=&#8221;1.1em&#8221; body_text_color=&#8221;#FFFFFF&#8221; border_width_all=&#8221;0px&#8221; global_colors_info=&#8221;{}&#8221;]<\/p>\n<p>&#8220;Der Transformationsprozess war sehr intensiv f\u00fcr mich, aber auch sehr ber\u00fchrend und kl\u00e4rend. Es war f\u00fcr mich sehr befreiend, da die Sprache die Shai spricht in seinen Techniken, genau meiner entspricht. Ich war immer wieder bei Heilern und Therapeuten, die meine Themen nicht in meiner Wahrnehmungsweise sehen konnten. Bei den Techniken von Shai hatte ich das Gef\u00fchl irgendwie nach Hause zu kommen, was meine innere Wahrnehmungsweise von Themen betrifft. Insbesondere die Betrachtung und Bearbeitung des inneren Willens hat mich tief ber\u00fchrt und sehr viel Vertrauen gegeben. Das hatte ich bereits genauso gef\u00fchlt. (&#8230;)<\/p>\n<p>Ich kann das Training sehr empfehlen. Ich habe schon viele Ausbildungen gemacht, aber keine war so tiefgreifend und umfassend. Ich habe immer nach etwas gesucht, dass in Verbindung steht mit dem h\u00f6chsten Potenzial. Die TIP-Methode gibt Raum f\u00fcr grenzenlosen und individuellen Wachstum. Die Verbindung von Spiritualit\u00e4t, Coaching, Therapie und Heilung macht es f\u00fcr mich zu einem der kraftvollsten und umfangreichsten Instrumente, die ich bisher kennenlernen und erfahren durfte.<\/p>\n<p>Danke daf\u00fcr aus tiefstem Herzen&#8221;<\/p>\n<p>[\/et_pb_toggle][\/et_pb_column][\/et_pb_row][et_pb_row column_structure=&#8221;1_5,3_5,1_5&#8243; _builder_version=&#8221;4.16&#8243; _module_preset=&#8221;default&#8221; locked=&#8221;off&#8221; global_colors_info=&#8221;{}&#8221;][et_pb_column type=&#8221;1_5&#8243; _builder_version=&#8221;4.16&#8243; _module_preset=&#8221;default&#8221; global_colors_info=&#8221;{}&#8221;][\/et_pb_column][et_pb_column type=&#8221;3_5&#8243; _builder_version=&#8221;4.16&#8243; _module_preset=&#8221;default&#8221; global_colors_info=&#8221;{}&#8221;][et_pb_button button_url=&#8221;#booking&#8221; button_text=&#8221;Jetzt dabei sein!&#8221; button_alignment=&#8221;center&#8221; _builder_version=&#8221;4.27.0&#8243; _module_preset=&#8221;default&#8221; custom_button=&#8221;on&#8221; button_text_color=&#8221;#FFFFFF&#8221; button_bg_color=&#8221;#9D6D3F&#8221; button_border_width=&#8221;2px&#8221; button_border_color=&#8221;RGBA(255,255,255,0)&#8221; button_border_radius=&#8221;25px&#8221; button_icon=&#8221;&#x3d;||divi||400&#8243; box_shadow_style=&#8221;preset3&#8243; global_colors_info=&#8221;{}&#8221;][\/et_pb_button][\/et_pb_column][et_pb_column type=&#8221;1_5&#8243; _builder_version=&#8221;4.16&#8243; _module_preset=&#8221;default&#8221; global_colors_info=&#8221;{}&#8221;][\/et_pb_column][\/et_pb_row][\/et_pb_section][et_pb_section fb_built=&#8221;1&#8243; _builder_version=&#8221;4.16&#8243; _module_preset=&#8221;default&#8221; global_colors_info=&#8221;{}&#8221;][et_pb_row _builder_version=&#8221;4.16&#8243; _module_preset=&#8221;default&#8221; global_colors_info=&#8221;{}&#8221;][et_pb_column type=&#8221;4_4&#8243; _builder_version=&#8221;4.16&#8243; _module_preset=&#8221;default&#8221; global_colors_info=&#8221;{}&#8221;][et_pb_text _builder_version=&#8221;4.17.3&#8243; _module_preset=&#8221;default&#8221; text_text_color=&#8221;#000000&#8243; header_2_text_align=&#8221;center&#8221; header_2_text_color=&#8221;#161426&#8243; header_2_font_size=&#8221;37px&#8221; header_4_text_color=&#8221;#FBCA06&#8243; text_orientation=&#8221;center&#8221; custom_margin=&#8221;18px|||||&#8221; locked=&#8221;off&#8221; global_colors_info=&#8221;{}&#8221;]<\/p>\n<h4><strong>\u00dcBER DEN LEHRER<\/strong><\/h4>\n<h2>Dr. Shai Tubali<\/h2>\n<p>[\/et_pb_text][\/et_pb_column][\/et_pb_row][et_pb_row column_structure=&#8221;3_5,2_5&#8243; _builder_version=&#8221;4.16&#8243; _module_preset=&#8221;default&#8221; global_colors_info=&#8221;{}&#8221;][et_pb_column type=&#8221;3_5&#8243; _builder_version=&#8221;4.16&#8243; _module_preset=&#8221;default&#8221; global_colors_info=&#8221;{}&#8221;][et_pb_text _builder_version=&#8221;4.16&#8243; _module_preset=&#8221;default&#8221; global_colors_info=&#8221;{}&#8221;]<\/p>\n<p>Shai Tubali, Ph.D., verbindet akademische Philosophie und Mystik, um die transformative Kraft des erweiterten Bewusstseins zu erforschen. Auf seiner Reise geht er der Frage nach, wie diese Zust\u00e4nde nicht nur das Leben des Einzelnen, sondern auch die Gegenwart und Zukunft der Menschheit beeinflussen. Durch die Integration \u00f6stlicher und westlicher Philosophien bietet er umfassende Einblicke in die Natur und das Potenzial des Bewusstseins.<\/p>\n<p>Shai, der an der Universit\u00e4t von Leeds in Religionsphilosophie promoviert hat, ist au\u00dferdem Forschungsstipendiat am Arts and Humanities Research Institute. Zu seinen akademischen Arbeiten geh\u00f6rt die Ver\u00f6ffentlichung von &#8220;The Transformative Philosophical Dialogue&#8221; (Springer, 2023), in der er seine wissenschaftliche Perspektive auf das Bewusstsein darlegt. Als Autor zahlreicher B\u00fccher \u00fcber innere Transformation hat er seine Erkenntnisse mit vielen tausend Lesern in 12 Sprachen geteilt.<\/p>\n<p>Seit dem Jahr 2000 leitet er Workshops, Retreats und professionelle Trainings und hat damit unz\u00e4hlige Menschen gepr\u00e4gt. Seine Leidenschaft hat ihn dazu gebracht, mehrere originelle Methoden zur psychologischen Transformation zu entwickeln, darunter die medizinisch erforschte Expansions- Methode.<\/p>\n<p>[\/et_pb_text][\/et_pb_column][et_pb_column type=&#8221;2_5&#8243; _builder_version=&#8221;4.16&#8243; _module_preset=&#8221;default&#8221; global_colors_info=&#8221;{}&#8221;][et_pb_image src=&#8221;https:\/\/go.shaitubali.com\/wp-content\/uploads\/2022\/11\/shai.jpg&#8221; title_text=&#8221;shai&#8221; _builder_version=&#8221;4.20.2&#8243; _module_preset=&#8221;default&#8221; global_colors_info=&#8221;{}&#8221;][\/et_pb_image][\/et_pb_column][\/et_pb_row][et_pb_row column_structure=&#8221;2_5,3_5&#8243; _builder_version=&#8221;4.17.3&#8243; _module_preset=&#8221;default&#8221; global_colors_info=&#8221;{}&#8221;][et_pb_column type=&#8221;2_5&#8243; _builder_version=&#8221;4.17.3&#8243; _module_preset=&#8221;default&#8221; global_colors_info=&#8221;{}&#8221;][et_pb_image src=&#8221;https:\/\/go.shaitubali.com\/wp-content\/uploads\/2022\/09\/Tamar-Brosh-Inner-Wisdom-School.jpg&#8221; title_text=&#8221;Tamar-Brosh-Inner-Wisdom-School&#8221; _builder_version=&#8221;4.20.2&#8243; _module_preset=&#8221;default&#8221; global_colors_info=&#8221;{}&#8221;][\/et_pb_image][\/et_pb_column][et_pb_column type=&#8221;3_5&#8243; _builder_version=&#8221;4.17.3&#8243; _module_preset=&#8221;default&#8221; global_colors_info=&#8221;{}&#8221;][et_pb_text _builder_version=&#8221;4.16&#8243; _module_preset=&#8221;default&#8221; text_text_color=&#8221;#000000&#8243; header_2_text_align=&#8221;center&#8221; header_2_text_color=&#8221;#161426&#8243; header_2_font_size=&#8221;37px&#8221; header_4_text_color=&#8221;#FBCA06&#8243; text_orientation=&#8221;center&#8221; custom_margin=&#8221;18px|||||&#8221; locked=&#8221;off&#8221; global_colors_info=&#8221;{}&#8221;]<\/p>\n<h4><strong>CO-LEHRERIN<\/strong><\/h4>\n<h2>Tamar Brosh\u00a0<\/h2>\n<p>[\/et_pb_text][et_pb_text _builder_version=&#8221;4.17.3&#8243; _module_preset=&#8221;default&#8221; global_colors_info=&#8221;{}&#8221;]<\/p>\n<ul>\n<li>\u00a0M.Sc. f\u00fcr angewandte Positive Psychologie und Coaching (University of East London, 2019)<\/li>\n<li><i class=\"icon-default-style icon-star accent-color\"><\/i>Leitende Ausbilderin in der Expansions-Methode<\/li>\n<\/ul>\n<p>Tamar bringt in die Schule ihre reiche Erfahrung mit therapeutischen Prozessen, ebenso wie mit Coaching-Prozessen ein. Sie hat mit Tausenden von Menschen transformativ mit den Methoden und Werkzeugen von Shai Tubali, sowie Elementen aus der Positiven Psychologie gearbeitet. In der Schule f\u00fcr emotionale Transformation ist sie Co-Lehrerin mit Shai, wobei sie sich auf die Vermittlung der Techniken und die praktische Anwendung der Methoden als Werkzeuge konzentriert, die f\u00fcr tiefe Selbsterfahrungsprozesse sowie die Anwendung in Einzelsitzungen ausgerichtet sind. Au\u00dferdem leitet sie die live-Supervisionsabende.<\/p>\n<p>[\/et_pb_text][\/et_pb_column][\/et_pb_row][et_pb_row column_structure=&#8221;1_5,3_5,1_5&#8243; _builder_version=&#8221;4.16&#8243; _module_preset=&#8221;default&#8221; global_colors_info=&#8221;{}&#8221;][et_pb_column type=&#8221;1_5&#8243; _builder_version=&#8221;4.16&#8243; _module_preset=&#8221;default&#8221; global_colors_info=&#8221;{}&#8221;][\/et_pb_column][et_pb_column type=&#8221;3_5&#8243; _builder_version=&#8221;4.16&#8243; _module_preset=&#8221;default&#8221; global_colors_info=&#8221;{}&#8221;][et_pb_button button_url=&#8221;#booking&#8221; button_text=&#8221;Jetzt noch einen Platz sichern!&#8221; button_alignment=&#8221;center&#8221; _builder_version=&#8221;4.27.0&#8243; _module_preset=&#8221;default&#8221; custom_button=&#8221;on&#8221; button_text_color=&#8221;#FFFFFF&#8221; button_bg_color=&#8221;#9D6D3F&#8221; button_border_width=&#8221;2px&#8221; button_border_color=&#8221;RGBA(255,255,255,0)&#8221; button_border_radius=&#8221;25px&#8221; button_icon=&#8221;&#x3d;||divi||400&#8243; box_shadow_style=&#8221;preset3&#8243; global_colors_info=&#8221;{}&#8221;][\/et_pb_button][\/et_pb_column][et_pb_column type=&#8221;1_5&#8243; _builder_version=&#8221;4.16&#8243; _module_preset=&#8221;default&#8221; global_colors_info=&#8221;{}&#8221;][\/et_pb_column][\/et_pb_row][\/et_pb_section][et_pb_section fb_built=&#8221;1&#8243; _builder_version=&#8221;4.26.0&#8243; _module_preset=&#8221;default&#8221; background_enable_color=&#8221;off&#8221; background_image=&#8221;https:\/\/go.shaitubali.com\/wp-content\/uploads\/2023\/03\/background-keys-tip.jpg&#8221; parallax=&#8221;on&#8221; parallax_method=&#8221;off&#8221; custom_margin=&#8221;-1px|||||&#8221; global_colors_info=&#8221;{}&#8221;][et_pb_row _builder_version=&#8221;4.17.3&#8243; _module_preset=&#8221;default&#8221; custom_margin=&#8221;42px|auto||auto||&#8221; global_colors_info=&#8221;{}&#8221;][et_pb_column type=&#8221;4_4&#8243; _builder_version=&#8221;4.17.3&#8243; _module_preset=&#8221;default&#8221; global_colors_info=&#8221;{}&#8221;][et_pb_text _builder_version=&#8221;4.17.3&#8243; _module_preset=&#8221;default&#8221; text_text_color=&#8221;#000000&#8243; header_2_text_align=&#8221;center&#8221; header_2_text_color=&#8221;#161426&#8243; header_2_font_size=&#8221;37px&#8221; header_4_text_color=&#8221;#7f3803&#8243; text_orientation=&#8221;center&#8221; custom_margin=&#8221;18px|||||&#8221; global_colors_info=&#8221;{}&#8221;]<\/p>\n<h4><strong>VER\u00d6FFENTLICHTE WERKE<\/strong><\/h4>\n<h2>Buchver\u00f6ffentlichungen zu den Methoden und ihren psychologischen Hintergr\u00fcnden<\/h2>\n<p>[\/et_pb_text][et_pb_text _builder_version=&#8221;4.17.3&#8243; _module_preset=&#8221;default&#8221; global_colors_info=&#8221;{}&#8221;]<\/p>\n<p style=\"text-align: center;\"><span>Die Methoden emotionaler Transformation von Shai wurden aus \u00fcber 20 Jahren Erfahrung in der direkten transformativen Arbeit mit tausenden von Menschen entwickelt. Zu allen Hauptmethoden sind B\u00fccher erschienen, von denen einzelne internationale Bestseller geworden sind. Die von Shai entwickelte <\/span><strong><em>\u201eExpansions-Methode\u201c<\/em><\/strong><span> wird mittlerweile von Therapeuten und Coaches in ganz Europa angewandt und von der Charit\u00e9 in Berlin, einer der gr\u00f6\u00dften europ\u00e4ischen Universit\u00e4tskliniken, in einer Studie untersucht.<\/span><\/p>\n<p>[\/et_pb_text][\/et_pb_column][\/et_pb_row][et_pb_row _builder_version=&#8221;4.17.3&#8243; _module_preset=&#8221;default&#8221; global_colors_info=&#8221;{}&#8221;][et_pb_column type=&#8221;4_4&#8243; _builder_version=&#8221;4.17.3&#8243; _module_preset=&#8221;default&#8221; global_colors_info=&#8221;{}&#8221;][et_pb_image src=&#8221;https:\/\/go.shaitubali.com\/wp-content\/uploads\/2022\/05\/buecher-shai-tubali-1.jpg&#8221; title_text=&#8221;buecher-shai-tubali&#8221; _builder_version=&#8221;4.17.3&#8243; _module_preset=&#8221;default&#8221; global_colors_info=&#8221;{}&#8221;][\/et_pb_image][\/et_pb_column][\/et_pb_row][et_pb_row column_structure=&#8221;1_4,3_4&#8243; use_custom_gutter=&#8221;on&#8221; gutter_width=&#8221;2&#8243; _builder_version=&#8221;4.19.0&#8243; _module_preset=&#8221;default&#8221; custom_margin=&#8221;||||false&#8221; border_width_bottom=&#8221;1px&#8221; border_color_bottom=&#8221;#FFFFFF&#8221; locked=&#8221;off&#8221; global_colors_info=&#8221;{}&#8221;][et_pb_column type=&#8221;1_4&#8243; _builder_version=&#8221;4.19.0&#8243; _module_preset=&#8221;default&#8221; global_colors_info=&#8221;{}&#8221;][et_pb_image src=&#8221;https:\/\/go.shaitubali.com\/wp-content\/uploads\/2022\/04\/dennis-testi.jpg&#8221; title_text=&#8221;dennis-testi&#8221; align=&#8221;center&#8221; _builder_version=&#8221;4.19.0&#8243; _module_preset=&#8221;default&#8221; width=&#8221;50%&#8221; border_radii=&#8221;on|25vw|25vw|25vw|25vw&#8221; global_colors_info=&#8221;{}&#8221;][\/et_pb_image][et_pb_text _builder_version=&#8221;4.19.0&#8243; _module_preset=&#8221;default&#8221; text_font=&#8221;TT Norms Medium||||||||&#8221; text_text_color=&#8221;#FFFFFF&#8221; text_font_size=&#8221;14px&#8221; text_line_height=&#8221;1.3em&#8221; header_font=&#8221;TT Norms Medium||||||||&#8221; header_3_font=&#8221;TT Norms Medium|300||on|||||&#8221; header_3_text_align=&#8221;center&#8221; header_3_text_color=&#8221;#FFFFFF&#8221; header_3_font_size=&#8221;19px&#8221; header_3_letter_spacing=&#8221;1px&#8221; text_orientation=&#8221;center&#8221; global_colors_info=&#8221;{}&#8221;]<\/p>\n<h3>Dennis Fichtner<\/h3>\n<p>Sozialarbeiter<\/p>\n<p>[\/et_pb_text][\/et_pb_column][et_pb_column type=&#8221;3_4&#8243; _builder_version=&#8221;4.19.0&#8243; _module_preset=&#8221;default&#8221; global_colors_info=&#8221;{}&#8221;][et_pb_toggle title=&#8221;%22Die Expansionstechniken haben mir ein Werkzeug an die Hand gegeben, mit dem ich Kunden direkt und unmittelbar helfen kann. Das hatte ich in meiner bisherigen Arbeit vermisst.%22&#8243; open_toggle_text_color=&#8221;#FFFFFF&#8221; open_toggle_background_color=&#8221;rgba(0,0,0,0)&#8221; closed_toggle_background_color=&#8221;RGBA(255,255,255,0)&#8221; icon_color=&#8221;#FFFFFF&#8221; toggle_icon=&#8221;&#x3b;||divi||400&#8243; use_icon_font_size=&#8221;on&#8221; icon_font_size=&#8221;36px&#8221; open_icon_color=&#8221;#FFFFFF&#8221; open_toggle_icon=&#8221;&#x3a;||divi||400&#8243; open_use_icon_font_size=&#8221;on&#8221; open_icon_font_size=&#8221;36px&#8221; _builder_version=&#8221;4.20.2&#8243; _module_preset=&#8221;default&#8221; title_text_color=&#8221;#FFFFFF&#8221; title_font_size=&#8221;30px&#8221; title_line_height=&#8221;1.1em&#8221; body_text_color=&#8221;#FFFFFF&#8221; border_width_all=&#8221;0px&#8221; global_colors_info=&#8221;{}&#8221;]\u201eIch w\u00fcrde die Ausbildung anderen klar empfehlen, aus mehreren Gr\u00fcnden. Zum Einen finde ich es sehr geeignet, um emotional erwachsen zu werden. Und so die L\u00fccke zwischen emotionalem Erleben und intellektuellem Verstehen zu verkleinern oder zu schlie\u00dfen. Diese School kann meiner Meinung nach eine langj\u00e4hrige Psychotherapie in vielen F\u00e4llen mindestens gleichwertig ersetzen, da die Techniken sehr direkt auf Ver\u00e4nderungsprozesse einwirken und sehr klar und pr\u00e4zise sind.<\/p>\n<p>Wenn man die School ernst nimmt, l\u00e4sst sie kaum Schonraum f\u00fcr die Seele, sich weiter hinter der Opferrolle zu versteckten. Die Eigenverantwortung f\u00fcr das eigene Leben wird in dieser Zeit schnell deutlich, was ich f\u00fcr eine wichtige Grundlage weiterer Entwicklung halte. Menschen, die Andere in Ver\u00e4nderungsprozessen begleiten m\u00f6chten oder bereits in einem helfenden Beruf arbeiten, empfehle ich diese School ebenfalls.<\/p>\n<p>Mir als Sozialarbeiter hat sie wichtige Hintergr\u00fcnde zur Psyche und zum Menschsein allgemein vermittelt, wodurch sich meine Arbeit indirekt verbessert hat. Beispielsweise durch mehr Verst\u00e4ndnis f\u00fcr mich und Andere. Gleichzeitig haben mir die Techniken zur Ausdehnung ein Werkzeug an die Hand gegeben, mit dem ich Klienten direkt und sofort helfen kann. Das hatte ich bisher in meiner Arbeit vermisst.&#8221;[\/et_pb_toggle][\/et_pb_column][\/et_pb_row][et_pb_row column_structure=&#8221;1_4,3_4&#8243; use_custom_gutter=&#8221;on&#8221; gutter_width=&#8221;2&#8243; _builder_version=&#8221;4.19.0&#8243; _module_preset=&#8221;default&#8221; custom_margin=&#8221;||||false&#8221; border_width_bottom=&#8221;1px&#8221; border_color_bottom=&#8221;#FFFFFF&#8221; locked=&#8221;off&#8221; global_colors_info=&#8221;{}&#8221;][et_pb_column type=&#8221;1_4&#8243; _builder_version=&#8221;4.19.0&#8243; _module_preset=&#8221;default&#8221; global_colors_info=&#8221;{}&#8221;][et_pb_image src=&#8221;https:\/\/go.shaitubali.com\/wp-content\/uploads\/2022\/05\/Carolin-Kroeger-expansion.jpg&#8221; title_text=&#8221;Carolin-Kroeger-expansion&#8221; align=&#8221;center&#8221; _builder_version=&#8221;4.20.2&#8243; _module_preset=&#8221;default&#8221; width=&#8221;50%&#8221; border_radii=&#8221;on|25vw|25vw|25vw|25vw&#8221; global_colors_info=&#8221;{}&#8221;][\/et_pb_image][et_pb_text _builder_version=&#8221;4.19.0&#8243; _module_preset=&#8221;default&#8221; text_font=&#8221;TT Norms Medium||||||||&#8221; text_text_color=&#8221;#FFFFFF&#8221; text_font_size=&#8221;14px&#8221; text_line_height=&#8221;1.3em&#8221; header_font=&#8221;TT Norms Medium||||||||&#8221; header_3_font=&#8221;TT Norms Medium|300||on|||||&#8221; header_3_text_align=&#8221;center&#8221; header_3_text_color=&#8221;#FFFFFF&#8221; header_3_font_size=&#8221;19px&#8221; header_3_letter_spacing=&#8221;1px&#8221; text_orientation=&#8221;center&#8221; global_colors_info=&#8221;{}&#8221;]<\/p>\n<h3>Carolin Kr\u00f6ger<\/h3>\n<p>Transformations Coach, <span class=\"et_pb_testimonial_position et-fb-editable-element et-fb-editable-element__editing\" data-shortcode-id=\"7.2.0.0-1680252522350\" data-quickaccess-id=\"position\" data-quickaccess-order=\"2\" contenteditable=\"true\">Breath Work and Sound Healing Facilitator<\/span><\/p>\n<p>[\/et_pb_text][\/et_pb_column][et_pb_column type=&#8221;3_4&#8243; _builder_version=&#8221;4.19.0&#8243; _module_preset=&#8221;default&#8221; global_colors_info=&#8221;{}&#8221;][et_pb_toggle title=&#8221;%22Mein Leben hat sich seit dem letzten Jahr um 180\u00b0 gedreht.%22&#8243; open_toggle_text_color=&#8221;#FFFFFF&#8221; open_toggle_background_color=&#8221;rgba(0,0,0,0)&#8221; closed_toggle_background_color=&#8221;RGBA(255,255,255,0)&#8221; icon_color=&#8221;#FFFFFF&#8221; toggle_icon=&#8221;&#x3b;||divi||400&#8243; use_icon_font_size=&#8221;on&#8221; icon_font_size=&#8221;36px&#8221; open_icon_color=&#8221;#FFFFFF&#8221; open_toggle_icon=&#8221;&#x3a;||divi||400&#8243; open_use_icon_font_size=&#8221;on&#8221; open_icon_font_size=&#8221;36px&#8221; _builder_version=&#8221;4.20.2&#8243; _module_preset=&#8221;default&#8221; title_text_color=&#8221;#FFFFFF&#8221; title_font_size=&#8221;30px&#8221; title_line_height=&#8221;1.1em&#8221; body_text_color=&#8221;#FFFFFF&#8221; border_width_all=&#8221;0px&#8221; global_colors_info=&#8221;{}&#8221;]<\/p>\n<p>&#8220;Mein Leben hat sich seit dem letzten Jahr um 180\u00b0 gedreht. Vieles davon kann ich der School of Emotional Transformation und den wunderbaren Lehren zuschreiben, die ich in diesen acht unglaublichen Monaten erhalten habe. Das Gef\u00fchl, in einem Raum gehalten zu werden, in dem ich mich sicher f\u00fchlte, mich auszudr\u00fccken und tiefer in mein Inneres zu gehen &#8211; an Orte, an die ich mich vorher vielleicht nicht getraut h\u00e4tte &#8211; hat es mir erm\u00f6glicht, mir selbst gegen\u00fcber liebevoller, vertrauensvoller und n\u00e4hrender zu werden. Das spiegelt sich unbestreitbar im \u00c4u\u00dferen wider. Je mehr wir f\u00fcr uns selbst einstehen und es wagen, diese Orte aufzusuchen und uns selbst gegen\u00fcber offen und ehrlich zu sein, desto mehr andere Menschen, denen wir begegnen, werden sich in unserem Umfeld sicher und verstanden f\u00fchlen und das Gef\u00fchl haben, dass sie einfach &#8220;sein&#8221; k\u00f6nnen. Indem wir &#8220;die Arbeit&#8221; machen, geben wir auch anderen die Erlaubnis, zu sich selbst zur\u00fcckzukehren.<br \/>(&#8230;)<br \/>Abschlie\u00dfend w\u00fcrde ich dieses Programm zweifellos jedem empfehlen, der sich dazu berufen f\u00fchlt&#8230; und dann vertraue dir selbst, dass es f\u00fcr dich bestimmt ist! Dieses Programm hat das Potenzial, dein ganzes Leben umzukrempeln, dich nach Hause zu bringen, dir erstens Werkzeuge zu geben, mit denen du dich selbst heilen kannst, und zweitens Raum zu schaffen, damit auch andere heilen k\u00f6nnen. Ich kann mir kein sch\u00f6neres &#8220;Werk&#8221; vorstellen. Eigentlich sollte man es nicht mehr als Arbeit bezeichnen, wenn es sich so anf\u00fchlt, sondern eher als Spiel. Wir erwecken das unglaubliche Potenzial, das in uns steckt, wir befreien uns selbst und andere um uns herum; wir bl\u00fchen auf! Wir k\u00f6nnen die wunderbare Welt aufbauen, die wir uns alle vorstellen k\u00f6nnen! Ich w\u00fcrde dieses Programm also zu 100 % empfehlen! Wenn du es wei\u00dft, wei\u00dft du es! Vertraue!<br \/>Ich sende dir viel Liebe und viel Segen&#8221;<\/p>\n<p>[\/et_pb_toggle][\/et_pb_column][\/et_pb_row][et_pb_row column_structure=&#8221;1_5,3_5,1_5&#8243; _builder_version=&#8221;4.16&#8243; _module_preset=&#8221;default&#8221; locked=&#8221;off&#8221; global_colors_info=&#8221;{}&#8221;][et_pb_column type=&#8221;1_5&#8243; _builder_version=&#8221;4.16&#8243; _module_preset=&#8221;default&#8221; global_colors_info=&#8221;{}&#8221;][\/et_pb_column][et_pb_column type=&#8221;3_5&#8243; _builder_version=&#8221;4.16&#8243; _module_preset=&#8221;default&#8221; global_colors_info=&#8221;{}&#8221;][et_pb_button button_url=&#8221;#booking&#8221; button_text=&#8221;Jetzt einen Platz sichern&#8221; button_alignment=&#8221;center&#8221; _builder_version=&#8221;4.27.0&#8243; _module_preset=&#8221;default&#8221; custom_button=&#8221;on&#8221; button_text_size=&#8221;18px&#8221; button_text_color=&#8221;#8b6442&#8243; button_bg_color=&#8221;#FFFFFF&#8221; button_border_width=&#8221;0px&#8221; button_border_radius=&#8221;21px&#8221; button_font=&#8221;|||on|||||&#8221; button_icon=&#8221;&#x3d;||divi||400&#8243; custom_margin=&#8221;17px||||false|false&#8221; box_shadow_style=&#8221;preset3&#8243; global_colors_info=&#8221;{}&#8221;][\/et_pb_button][et_pb_text _builder_version=&#8221;4.17.3&#8243; _module_preset=&#8221;default&#8221; text_text_color=&#8221;#000000&#8243; text_font_size=&#8221;13px&#8221; text_line_height=&#8221;1.6em&#8221; text_orientation=&#8221;center&#8221; locked=&#8221;off&#8221; global_colors_info=&#8221;{}&#8221;]<\/p>\n<p><em>Die Erstberatung ist kostenfrei und unverbindlich. Sie dient dem gegenseitigen Kennenlernen, damit wir dann gemeinsam entscheiden k\u00f6nnen, welche n\u00e4chsten Schritte f\u00fcr dich sinnvoll sind.<br \/><\/em><\/p>\n<p>[\/et_pb_text][\/et_pb_column][et_pb_column type=&#8221;1_5&#8243; _builder_version=&#8221;4.16&#8243; _module_preset=&#8221;default&#8221; global_colors_info=&#8221;{}&#8221;][\/et_pb_column][\/et_pb_row][\/et_pb_section][et_pb_section fb_built=&#8221;1&#8243; _builder_version=&#8221;4.26.0&#8243; _module_preset=&#8221;default&#8221; use_background_color_gradient=&#8221;on&#8221; background_color_gradient_direction=&#8221;90deg&#8221; background_color_gradient_stops=&#8221;rgba(255,255,255,0.23) 10%|#ffffff 100%&#8221; background_color_gradient_overlays_image=&#8221;on&#8221; background_image=&#8221;https:\/\/go.shaitubali.com\/wp-content\/uploads\/2023\/02\/emo-school-head-new-test.jpg&#8221; custom_padding=&#8221;||96px|||&#8221; locked=&#8221;off&#8221; global_colors_info=&#8221;{}&#8221;][et_pb_row module_id=&#8221;booking&#8221; _builder_version=&#8221;4.27.0&#8243; _module_preset=&#8221;default&#8221; background_color=&#8221;#FFFFFF&#8221; custom_padding=&#8221;2%|2%|2%|2%|false|false&#8221; box_shadow_style=&#8221;preset3&#8243; global_colors_info=&#8221;{}&#8221;][et_pb_column type=&#8221;4_4&#8243; _builder_version=&#8221;4.23.4&#8243; _module_preset=&#8221;default&#8221; global_colors_info=&#8221;{}&#8221;][et_pb_icon font_icon=&#8221;&#xe01d;||divi||400&#8243; icon_color=&#8221;#182662&#8243; icon_width=&#8221;67px&#8221; _builder_version=&#8221;4.23.4&#8243; _module_preset=&#8221;default&#8221; locked=&#8221;off&#8221; global_colors_info=&#8221;{}&#8221;][\/et_pb_icon][et_pb_text _builder_version=&#8221;4.23.4&#8243; _module_preset=&#8221;default&#8221; text_font=&#8221;Open Sans|||on|||||&#8221; header_2_font=&#8221;Open Sans|||on|||||&#8221; header_2_text_align=&#8221;center&#8221; header_2_font_size=&#8221;44px&#8221; global_colors_info=&#8221;{}&#8221;]<\/p>\n<h2>Schule Emotionaler Transformation<\/h2>\n<p>[\/et_pb_text][et_pb_text _builder_version=&#8221;4.27.0&#8243; _module_preset=&#8221;default&#8221; hover_enabled=&#8221;0&#8243; global_colors_info=&#8221;{}&#8221; sticky_enabled=&#8221;0&#8243;]<\/p>\n<p style=\"text-align: center;\"><strong>Start:<\/strong> 16. November 2024<\/p>\n<p>[\/et_pb_text][et_pb_image src=&#8221;https:\/\/go.shaitubali.com\/wp-content\/uploads\/2022\/06\/Emotionale-transformation-ausbildung.jpg&#8221; title_text=&#8221;Emotionale-transformation-ausbildung&#8221; align=&#8221;center&#8221; _builder_version=&#8221;4.26.0&#8243; _module_preset=&#8221;default&#8221; width=&#8221;60%&#8221; global_colors_info=&#8221;{}&#8221;][\/et_pb_image][et_pb_blurb title=&#8221;8 Tiefgreifende E-Learning-Module&#8221; use_icon=&#8221;on&#8221; font_icon=&#8221;&#x4e;||divi||400&#8243; icon_color=&#8221;#182662&#8243; icon_placement=&#8221;left&#8221; image_icon_width=&#8221;44px&#8221; _builder_version=&#8221;4.23.4&#8243; _module_preset=&#8221;default&#8221; global_colors_info=&#8221;{}&#8221;]<\/p>\n<p>\u00dcber 8 Monate werden die monatlich neue Video-Lektionen freigeschaltet. Du kannst sie in deinem eigenen Tempo durcharbeiten und \u00fcber unsere Ausbildungsgruppe zu jedem Zeitpunkt Fragen stellen und sicherstellen und dein Verst\u00e4ndnis vertiefen.<\/p>\n<p>[\/et_pb_blurb][et_pb_blurb title=&#8221;Online-Campus (unbegrenzter Zugriff)&#8221; use_icon=&#8221;on&#8221; font_icon=&#8221;&#x4e;||divi||400&#8243; icon_color=&#8221;#182662&#8243; icon_placement=&#8221;left&#8221; image_icon_width=&#8221;44px&#8221; _builder_version=&#8221;4.23.4&#8243; _module_preset=&#8221;default&#8221; global_colors_info=&#8221;{}&#8221;]<\/p>\n<p>Im Online-Campus kannst du sie vertiefen oder nachholen, falls du einen Live-Termin verpasst hast. Au\u00dferdem warten dort vertiefende Bonuslektionen und Vorf\u00fchrungssitzungen zum Selbststudium auf dich.<\/p>\n<p>[\/et_pb_blurb][et_pb_blurb title=&#8221;Die Techniken&#8221; use_icon=&#8221;on&#8221; font_icon=&#8221;&#x4e;||divi||400&#8243; icon_color=&#8221;#182662&#8243; icon_placement=&#8221;left&#8221; image_icon_width=&#8221;44px&#8221; _builder_version=&#8221;4.23.4&#8243; _module_preset=&#8221;default&#8221; global_colors_info=&#8221;{}&#8221;]<\/p>\n<p>Detaillierte zur Analyse und Transformation emotionaler Ungleichgewichte, Blockaden und Traumata. So kannst du systematisch und zuverl\u00e4ssig in das Unterbewusstsein eintauchen und aus erweiterten Bewusstseinszust\u00e4nden transformativ arbeiten.<\/p>\n<p>[\/et_pb_blurb][et_pb_blurb title=&#8221;Gruppen-Supervision&#8221; use_icon=&#8221;on&#8221; font_icon=&#8221;&#x4e;||divi||400&#8243; icon_color=&#8221;#182662&#8243; icon_placement=&#8221;left&#8221; image_icon_width=&#8221;44px&#8221; _builder_version=&#8221;4.23.4&#8243; _module_preset=&#8221;default&#8221; global_colors_info=&#8221;{}&#8221;]In den monatlichen Supervisionsabenden mit Tamar Brosh kannst du deine individuellen Fragen stellen.[\/et_pb_blurb][et_pb_blurb title=&#8221;Praxispartner&#8221; use_icon=&#8221;on&#8221; font_icon=&#8221;&#x4e;||divi||400&#8243; icon_color=&#8221;#182662&#8243; icon_placement=&#8221;left&#8221; image_icon_width=&#8221;44px&#8221; _builder_version=&#8221;4.23.4&#8243; _module_preset=&#8221;default&#8221; global_colors_info=&#8221;{}&#8221;]Die zentralen Techniken \u00fcben wir im Verlauf der Ausbildung mit uns zugeteilten Praxispartnern. So vertieft sich unsere transformative Erfahrung und wir sammeln wichtige Erfahrung im Anleiten der Techniken.[\/et_pb_blurb][et_pb_blurb title=&#8221;Premium-Support&#8221; use_icon=&#8221;on&#8221; font_icon=&#8221;&#x4e;||divi||400&#8243; icon_color=&#8221;#182662&#8243; icon_placement=&#8221;left&#8221; image_icon_width=&#8221;44px&#8221; _builder_version=&#8221;4.23.4&#8243; _module_preset=&#8221;default&#8221; global_colors_info=&#8221;{}&#8221;]<\/p>\n<p>Die Ausbildungsgruppe wird klein gehalten, um eine hohe Qualit\u00e4t der Betreuung zu garantieren, und dadurch Raum f\u00fcr deine Fragen zu haben.<\/p>\n<p>[\/et_pb_blurb][et_pb_divider color=&#8221;#182662&#8243; divider_weight=&#8221;3px&#8221; _builder_version=&#8221;4.23.4&#8243; _module_preset=&#8221;default&#8221; max_width=&#8221;10%&#8221; module_alignment=&#8221;center&#8221; locked=&#8221;off&#8221; global_colors_info=&#8221;{}&#8221;][\/et_pb_divider][et_pb_text _builder_version=&#8221;4.23.4&#8243; _module_preset=&#8221;default&#8221; global_colors_info=&#8221;{}&#8221;]<\/p>\n<h3 style=\"text-align: center;\"><span style=\"font-weight: 400;\">Ausbildungsbeitrag (Early Bird) 1800\u20ac<\/span><\/h3>\n<h3 style=\"text-align: center;\"><span style=\"font-weight: 400;\">zzgl. Mentorenbegleitung zur Zertifizierung: <strong>600\u20ac<\/strong><\/span><\/h3>\n<p style=\"text-align: center;\"><span style=\"font-weight: 400;\">Ratenzahlung m\u00f6glich<\/span><\/p>\n<p>[\/et_pb_text][et_pb_button button_url=&#8221;https:\/\/go.shaitubali.com\/emotionale-transformation\/booking\/&#8221; button_text=&#8221;WEITER ZUR BUCHUNG&#8221; button_alignment=&#8221;center&#8221; module_id=&#8221;achtsam&#8221; module_class=&#8221;achtsam&#8221; _builder_version=&#8221;4.27.0&#8243; _module_preset=&#8221;default&#8221; custom_button=&#8221;on&#8221; button_text_size=&#8221;20px&#8221; button_text_color=&#8221;#000000&#8243; button_bg_color=&#8221;#ffb74d&#8221; button_bg_blend=&#8221;color-dodge&#8221; button_border_width=&#8221;0px&#8221; button_border_color=&#8221;#000000&#8243; button_font=&#8221;||||||||&#8221; button_icon=&#8221;&#x39;||divi||400&#8243; custom_margin=&#8221;||43px|||&#8221; box_shadow_style=&#8221;preset3&#8243; global_colors_info=&#8221;{}&#8221;][\/et_pb_button][\/et_pb_column][\/et_pb_row][\/et_pb_section][et_pb_section fb_built=&#8221;1&#8243; _builder_version=&#8221;4.20.2&#8243; _module_preset=&#8221;default&#8221; background_color=&#8221;#dcccb3&#8243; background_enable_image=&#8221;off&#8221; parallax=&#8221;on&#8221; custom_margin=&#8221;-2px||0px||false|false&#8221; custom_padding=&#8221;0px||33px||false|false&#8221; locked=&#8221;off&#8221; global_colors_info=&#8221;{}&#8221;][et_pb_row _builder_version=&#8221;4.16&#8243; _module_preset=&#8221;default&#8221; global_colors_info=&#8221;{}&#8221;][et_pb_column type=&#8221;4_4&#8243; _builder_version=&#8221;4.16&#8243; _module_preset=&#8221;default&#8221; global_colors_info=&#8221;{}&#8221;][et_pb_text module_id=&#8221;book&#8221; _builder_version=&#8221;4.17.3&#8243; _module_preset=&#8221;default&#8221; text_text_color=&#8221;#000000&#8243; header_2_text_align=&#8221;center&#8221; header_2_text_color=&#8221;#161426&#8243; header_2_font_size=&#8221;37px&#8221; header_4_text_color=&#8221;#7f3803&#8243; text_orientation=&#8221;center&#8221; custom_margin=&#8221;18px|||||&#8221; global_colors_info=&#8221;{}&#8221;]<\/p>\n<h4 style=\"text-align: center;\">GUT ZU WISSEN<\/h4>\n<h2 style=\"text-align: center;\">H\u00e4ufige Fragen<\/h2>\n<p>[\/et_pb_text][\/et_pb_column][\/et_pb_row][et_pb_row column_structure=&#8221;1_2,1_2&#8243; _builder_version=&#8221;4.16&#8243; _module_preset=&#8221;default&#8221; locked=&#8221;off&#8221; global_colors_info=&#8221;{}&#8221;][et_pb_column type=&#8221;1_2&#8243; _builder_version=&#8221;4.16&#8243; _module_preset=&#8221;default&#8221; global_colors_info=&#8221;{}&#8221;][et_pb_accordion open_toggle_text_color=&#8221;#000000&#8243; icon_color=&#8221;#7b6145&#8243; _builder_version=&#8221;4.26.0&#8243; _module_preset=&#8221;default&#8221; toggle_text_color=&#8221;#7b6145&#8243; global_colors_info=&#8221;{}&#8221;][et_pb_accordion_item title=&#8221;TIP&#8221; open=&#8221;on&#8221; _builder_version=&#8221;4.17.4&#8243; _module_preset=&#8221;default&#8221; custom_css_main_element=&#8221;display:none;&#8221; global_colors_info=&#8221;{}&#8221;][\/et_pb_accordion_item][et_pb_accordion_item title=&#8221;Wie lange geht die Schule f\u00fcr Emotionale Transformation?&#8221; _builder_version=&#8221;4.16&#8243; _module_preset=&#8221;default&#8221; global_colors_info=&#8221;{}&#8221; open=&#8221;off&#8221;]<\/p>\n<p>Die Schule f\u00fcr Emotionale Transformation besteht aus 8 Monatsmodulen. Monatlich wird ein neues Modul freigeschaltet.<\/p>\n<p>[\/et_pb_accordion_item][et_pb_accordion_item title=&#8221;Wie lange habe ich auf alle Inhalte Zugriff?&#8221; _builder_version=&#8221;4.26.0&#8243; _module_preset=&#8221;default&#8221; global_colors_info=&#8221;{}&#8221; open=&#8221;off&#8221;]<\/p>\n<p>Der Zugriff auf die Lehrinhalte im Online Campus wird nicht eingeschr\u00e4nkt. Der aktive Support mit Supervision endet nach 8 Monaten. Es gibt aber M\u00f6glichkeiten, diesen zu verl\u00e4ngern.<\/p>\n<p>[\/et_pb_accordion_item][et_pb_accordion_item title=&#8221;Muss ich bereits Vorerfahrungen mit Meditation, als Heilpraktiker*in oder Therapeut*in haben?&#8221; _builder_version=&#8221;4.17.4&#8243; _module_preset=&#8221;default&#8221; global_colors_info=&#8221;{}&#8221; open=&#8221;off&#8221;]<\/p>\n<p>Einige unserer Teilnehmer*innen wirken bereits therapeutisch, als Heilpraktiker oder Coaches. Aber es sind keine Vorkenntnisse erforderlich. Du erh\u00e4ltst das Wissen, das du ben\u00f6tigst, um erfolgreich mit Menschen an emotionalen Themen und Blockaden arbeiten zu k\u00f6nnen.<\/p>\n<p>[\/et_pb_accordion_item][\/et_pb_accordion][\/et_pb_column][et_pb_column type=&#8221;1_2&#8243; _builder_version=&#8221;4.16&#8243; _module_preset=&#8221;default&#8221; global_colors_info=&#8221;{}&#8221;][et_pb_accordion open_toggle_text_color=&#8221;#000000&#8243; icon_color=&#8221;#7b6145&#8243; _builder_version=&#8221;4.26.0&#8243; _module_preset=&#8221;default&#8221; toggle_text_color=&#8221;#7b6145&#8243; global_colors_info=&#8221;{}&#8221;][et_pb_accordion_item title=&#8221;TIP&#8221; open=&#8221;on&#8221; _builder_version=&#8221;4.17.4&#8243; _module_preset=&#8221;default&#8221; custom_css_main_element=&#8221;display:none;&#8221; global_colors_info=&#8221;{}&#8221;][\/et_pb_accordion_item][et_pb_accordion_item title=&#8221;Wie l\u00e4uft das Programm ab?&#8221; _builder_version=&#8221;4.20.2&#8243; _module_preset=&#8221;default&#8221; global_colors_info=&#8221;{}&#8221; open=&#8221;off&#8221;]<\/p>\n<p>Du bekommst Zugang zu einem exklusiven Online Campus. Dort warten systematisch aufeinander aufbauende Lernmodule auf dich, die monatlich freigeschaltet werden. Zus\u00e4tzlich wirst du von monatlichen Live Supervisions-Abenden unterst\u00fctzt, an denen du alle deine Fragen stellen kannst und dir werden Praxispartner zum \u00dcben zugeteilt.<\/p>\n<p>Wenn du an der Zertifizierung teilnimmst, gehst du zus\u00e4tzlich mit einem erfahrenen Mentor durch einen Selbsterfahrungsprozess von 6 Einzelsitzungen.<\/p>\n<p>&nbsp;<\/p>\n<p>[\/et_pb_accordion_item][et_pb_accordion_item title=&#8221;Was kostet die Ausbildung zum Transformationscoach f\u00fcr emotionale Transformation&#8221; _builder_version=&#8221;4.26.0&#8243; _module_preset=&#8221;default&#8221; global_colors_info=&#8221;{}&#8221; open=&#8221;off&#8221;]<\/p>\n<p>Unser achtmonatiges Ausbildungsprogramm kostet zwischen 2.000 \u20ac und 2.749 \u20ac.<\/p>\n<p>Die Preise h\u00e4ngen davon ab, ob du mit dem Programm lediglich durch einen Selbsterfahrungsprozess gehen, oder auch als Emotionscoach in der Expansions-Methode zertifiziert werden willst. Der Zertifizierungsprozess beinhaltet zus\u00e4tzlich einen Selbsterfahrungsprozess von 6 zweist\u00fcndigen Einzelsitzungen mit einem zertifizierten Mentor.<\/p>\n<p>[\/et_pb_accordion_item][et_pb_accordion_item title=&#8221;Werde ich nach dem Ausbildungszeitraum unterst\u00fctzt?&#8221; _builder_version=&#8221;4.20.2&#8243; _module_preset=&#8221;default&#8221; global_colors_info=&#8221;{}&#8221; open=&#8221;off&#8221;]<\/p>\n<p>Ja, wenn du das w\u00fcnschst dann gibt hier verschiedene M\u00f6glichkeiten. Es ist uns ein Herzensanliegen, dich auf deinem Weg zu einem erfolgreichen Transformationscoach zu begleiten.<\/p>\n<p>Zum einen kannst du f\u00fcr einen geringen Betrag weiter bei unseren monatlichen Supervisionen dabei sein, Fragen stellen und von unserem Netzwerk an erfahrenen Coaches und Therapeuten unterst\u00fctzt werden. Zum anderen besteht auch die M\u00f6glichkeit als zertifizierter Transformationscoach auf unserer Webseite gelistet zu werden.<\/p>\n<p>[\/et_pb_accordion_item][\/et_pb_accordion][\/et_pb_column][\/et_pb_row][et_pb_row column_structure=&#8221;1_5,3_5,1_5&#8243; _builder_version=&#8221;4.16&#8243; _module_preset=&#8221;default&#8221; global_colors_info=&#8221;{}&#8221;][et_pb_column type=&#8221;1_5&#8243; _builder_version=&#8221;4.16&#8243; _module_preset=&#8221;default&#8221; global_colors_info=&#8221;{}&#8221;][\/et_pb_column][et_pb_column type=&#8221;3_5&#8243; _builder_version=&#8221;4.16&#8243; _module_preset=&#8221;default&#8221; global_colors_info=&#8221;{}&#8221;][et_pb_text _builder_version=&#8221;4.27.0&#8243; _module_preset=&#8221;default&#8221; global_colors_info=&#8221;{}&#8221;]<\/p>\n<p style=\"text-align: center;\">Du hast noch Fragen? Schreib uns eine Email an carlos [at] shaitubali [.] com<\/p>\n<p>[\/et_pb_text][\/et_pb_column][et_pb_column type=&#8221;1_5&#8243; _builder_version=&#8221;4.16&#8243; _module_preset=&#8221;default&#8221; global_colors_info=&#8221;{}&#8221;][\/et_pb_column][\/et_pb_row][\/et_pb_section][et_pb_section fb_built=&#8221;1&#8243; _builder_version=&#8221;4.20.2&#8243; background_color=&#8221;#8b6442&#8243; background_enable_image=&#8221;off&#8221; background_position=&#8221;bottom_center&#8221; custom_padding=&#8221;0px||72px|||&#8221; top_divider_color=&#8221;#FFFFFF&#8221; global_colors_info=&#8221;{}&#8221;][et_pb_row column_structure=&#8221;1_5,3_5,1_5&#8243; _builder_version=&#8221;4.16&#8243; _module_preset=&#8221;default&#8221; custom_padding=&#8221;112px|||||&#8221; global_colors_info=&#8221;{}&#8221;][et_pb_column type=&#8221;1_5&#8243; _builder_version=&#8221;4.16&#8243; _module_preset=&#8221;default&#8221; global_colors_info=&#8221;{}&#8221;][\/et_pb_column][et_pb_column type=&#8221;3_5&#8243; _builder_version=&#8221;4.16&#8243; _module_preset=&#8221;default&#8221; global_colors_info=&#8221;{}&#8221;][et_pb_text _builder_version=&#8221;4.17.4&#8243; _module_preset=&#8221;default&#8221; custom_margin=&#8221;37px|||||&#8221; global_colors_info=&#8221;{}&#8221;]<\/p>\n<p style=\"text-align: center;\"><span style=\"color: #ffffff;\">This site is not a part of the Meta website or Meta Platforms Inc. Additionally, this site is NOT endorsed by Meta in any way. META is a trademark of META PLATFORMS, Inc.<\/span><\/p>\n<p>[\/et_pb_text][\/et_pb_column][et_pb_column type=&#8221;1_5&#8243; _builder_version=&#8221;4.16&#8243; _module_preset=&#8221;default&#8221; global_colors_info=&#8221;{}&#8221;][\/et_pb_column][\/et_pb_row][et_pb_row column_structure=&#8221;1_4,1_2,1_4&#8243; _builder_version=&#8221;4.16&#8243; custom_padding=&#8221;14px|||||&#8221; global_colors_info=&#8221;{}&#8221;][et_pb_column type=&#8221;1_4&#8243; _builder_version=&#8221;4.16&#8243; custom_padding=&#8221;|||&#8221; global_colors_info=&#8221;{}&#8221; custom_padding__hover=&#8221;|||&#8221;][\/et_pb_column][et_pb_column type=&#8221;1_2&#8243; _builder_version=&#8221;4.16&#8243; custom_padding=&#8221;|||&#8221; global_colors_info=&#8221;{}&#8221; custom_padding__hover=&#8221;|||&#8221;][et_pb_text _builder_version=&#8221;4.17.4&#8243; custom_margin=&#8221;-3px||||false|false&#8221; custom_padding=&#8221;40px||||false|false&#8221; global_colors_info=&#8221;{}&#8221;]<\/p>\n<div class=\"tve-page-section-in tve_empty_dropzone\" data-css=\"tve-u-1646723a6b9\">\n<div class=\"thrv_wrapper thrv-columns\">\n<div class=\"tcb-flex-row tcb--cols--1\">\n<div class=\"tcb-flex-col\">\n<div class=\"tcb-col\">\n<div class=\"thrv_wrapper thrv_text_element\">\n<p style=\"text-align: center;\"><strong><a href=\"https:\/\/activespirits.net\/impressum\/\" target=\"_blank\" rel=\"noopener noreferrer\"><span style=\"color: #ffffff;\">Impressum<\/span><\/a><span style=\"color: #ffffff;\"> |\u00a0<a href=\"https:\/\/activespirits.net\/privacy-policy\/\" target=\"_blank\" rel=\"noopener noreferrer\" style=\"color: #ffffff;\">Privacy Policy<\/a><\/span><\/strong><\/p>\n<\/div>\n<\/div>\n<\/div>\n<\/div>\n<\/div>\n<\/div>\n<p>[\/et_pb_text][\/et_pb_column][et_pb_column type=&#8221;1_4&#8243; _builder_version=&#8221;4.16&#8243; custom_padding=&#8221;|||&#8221; global_colors_info=&#8221;{}&#8221; custom_padding__hover=&#8221;|||&#8221;][\/et_pb_column][\/et_pb_row][\/et_pb_section]<\/p>\n","protected":false},"excerpt":{"rendered":"<p>WIR BILDEN DICH AUS ZUM EmotionscoachLerne negative Emotionen mit der Expansions-Methode an der Wurzel zu l\u00f6sen und so Menschen in Krisensituationen zu einem Durchbruch zu f\u00fchren &amp; baue dir eine erf\u00fcllte T\u00e4tigkeit als Emotionscoach auf.SHAI TUBALI IST BEKANNT AUS:Die Schule Emotionaler Transformation Die Kunst emotionaler Alchemie: Ver\u00e4ndere t\u00e4glich Menschenleben.Um unsere Gegenwart in Freiheit gestalten zu [&hellip;]<\/p>\n","protected":false},"author":1,"featured_media":0,"parent":0,"menu_order":0,"comment_status":"closed","ping_status":"closed","template":"page-template-blank.php","meta":{"_et_pb_use_builder":"on","_et_pb_old_content":"","_et_gb_content_width":"","footnotes":""},"class_list":["post-15322","page","type-page","status-publish","hentry"],"_links":{"self":[{"href":"https:\/\/go.shaitubali.com\/en\/wp-json\/wp\/v2\/pages\/15322","targetHints":{"allow":["GET"]}}],"collection":[{"href":"https:\/\/go.shaitubali.com\/en\/wp-json\/wp\/v2\/pages"}],"about":[{"href":"https:\/\/go.shaitubali.com\/en\/wp-json\/wp\/v2\/types\/page"}],"author":[{"embeddable":true,"href":"https:\/\/go.shaitubali.com\/en\/wp-json\/wp\/v2\/users\/1"}],"replies":[{"embeddable":true,"href":"https:\/\/go.shaitubali.com\/en\/wp-json\/wp\/v2\/comments?post=15322"}],"version-history":[{"count":0,"href":"https:\/\/go.shaitubali.com\/en\/wp-json\/wp\/v2\/pages\/15322\/revisions"}],"wp:attachment":[{"href":"https:\/\/go.shaitubali.com\/en\/wp-json\/wp\/v2\/media?parent=15322"}],"curies":[{"name":"wp","href":"https:\/\/api.w.org\/{rel}","templated":true}]}}